{"id":1643,"date":"2010-11-24T21:31:42","date_gmt":"2010-11-24T20:31:42","guid":{"rendered":"http:\/\/www.archers91.fr\/wordpress\/archers\/?page_id=1643"},"modified":"2023-09-07T14:31:46","modified_gmt":"2023-09-07T12:31:46","slug":"stages-et-formations","status":"publish","type":"page","link":"https:\/\/archers91.fr\/?page_id=1643","title":{"rendered":"Formations"},"content":{"rendered":"<p>Pour les formations f\u00e9d\u00e9rales, inscription sur votre espace licenci\u00e9 FFTA : <a href=\"https:\/\/archers91.fr\/wp-content\/uploads\/2018\/09\/inscription-formation-FFTA.pdf\" target=\"_blank\" rel=\"noopener noreferrer\">protocole&nbsp;<\/a><\/p>\n\n\n<p> R\u00e9f\u00e9rentiel FFTA des formations :\u00a0<a href=\"https:\/\/archers91.fr\/wp-content\/uploads\/2023\/09\/schema_des_formations_FFTA_sept22.pdf\" target=\"_blank\" rel=\"noreferrer noopener\">sch\u00e9ma des formations 2022<\/a><\/p>\n\n\n\n<p>Les Comit\u00e9s D\u00e9partementaux organisent\u00a0:<\/p>\n\n\n\n<ul class=\"wp-block-list\">\n<li>la formation d&rsquo;Encadrant F\u00e9d\u00e9ral<\/li>\n\n\n\n<li>la formation continue des Entra\u00eeneurs 1<br><br>Le Comit\u00e9 R\u00e9gional IdF organise\u00a0:<\/li>\n<\/ul>\n\n\n\n<ul class=\"wp-block-list\">\n<li>la formation continue des Entra\u00eeneurs 2<\/li>\n\n\n\n<li>la formation d&rsquo;Entra\u00eeneur F\u00e9d\u00e9ral :\n<ul class=\"wp-block-list\">\n<li>coordination de la pratique p\u00e9dagogique mutualis\u00e9e<\/li>\n\n\n\n<li>6 jours de formation<\/li>\n\n\n\n<li>l&rsquo;examen<\/li>\n<\/ul>\n<\/li>\n\n\n\n<li>le 1er module de la formation au Certificat de Qualification Professionnelle &#8211; Technicien Sportif pour le Entra\u00eeneurs 1, les titulaires de l&rsquo;Entra\u00eeneur 2 en sont all\u00e9g\u00e9s.<\/li>\n<\/ul>\n\n\n\n<p><strong>Formations initiales :<\/strong><br>La formation non dipl\u00f4mante <strong>Encadrant F\u00e9d\u00e9ral<\/strong> d\u00e9veloppe des comp\u00e9tences li\u00e9es \u00e0 l\u2019accueil du public, adh\u00e9rent ou non, dans le club, la gestion du mat\u00e9riel, la s\u00e9curit\u00e9, et de soutien aux entra\u00eeneurs dipl\u00f4m\u00e9s. Cette derni\u00e8re se veut la plus accessible possible, par le plus grand nombre. Ainsi la qualit\u00e9 des services rendus aux adh\u00e9rents sera optimis\u00e9e.<br>L\u2019assistant n\u2019est ni un enseignant ni un p\u00e9dagogue. Il n\u2019a pas vocation \u00e0 enseigner l\u2019activit\u00e9 tir \u00e0 l\u2019arc.<br>La formation dipl\u00f4mante <strong>Entra\u00eeneur F\u00e9d\u00e9ral<\/strong> a pour objectif de d\u00e9velopper les comp\u00e9tences \u00e0 l\u2019enseignement du tir \u00e0 l\u2019arc. Il prend en charge un public de d\u00e9butants. Il structure son intervention de fa\u00e7on \u00e0 ce que les licenci\u00e9s progressent dans leur pratique en<br>vue de pratiquer s\u2019ils le souhaitent, en comp\u00e9tition. Il a vocation \u00e9galement \u00e0 entra\u00eener des archers comp\u00e9titeurs et les amener \u00e0 atteindre leurs objectifs comp\u00e9titifs.<br>Les entra\u00eeneurs en club doivent par cons\u00e9quent ma\u00eetriser la discipline pour pouvoir transmettre les bases fondamentales aux archers d\u00e9butants et les accompagner jusqu\u2019\u00e0 la pratique comp\u00e9titive.<br><strong>Formation continue :<\/strong><br>Les formations continues diverses sont mises en place pour permettre aux entra\u00eeneurs de :<br>&#8211; Maintenir un certain niveau de connaissances et comp\u00e9tences<br>&#8211; Aborder des th\u00e9matiques vues en formation initiales afin de se les r\u00e9approprier<br>&#8211; Prolonger le statut \u00abactif\u00bb de l\u2019entra\u00eeneur<br>Ces formations s\u2019organisent sur une dur\u00e9e de 7 heures<br>Les modules compl\u00e9mentaires constituent une offre suppl\u00e9mentaire de formation continue. Les th\u00e9matiques sont d\u00e9termin\u00e9es par la f\u00e9d\u00e9ration. L\u2019objectif \u00e9tant de transmettre des comp\u00e9tences dans les domaines sp\u00e9cifiques suivants :<br>&#8211; La pratique des poussins<br>&#8211; La pratique et le r\u00e9glage de l\u2019arc \u00e0 poulies<br>&#8211; La pratique des disciplines de parcours<br>&#8211; Le sport sur ordonnance<br>&#8211; La performance<br>Ces modules s\u2019organisent sur des dur\u00e9es variables. Certains font l\u2019objet d\u2019une \u00e9valuation des comp\u00e9tences acquises (certification). <\/p>\n\n\n\n<p>L\u2019\u00e9quipe technique d\u00e9partemental vous propose des stages :<br>-de perfectionnement : \u00e0 la journ\u00e9e, le mardi apres-midi, le samedi matin <br>-de r\u00e9glages d&rsquo;arc,<br>-de coaching : savoir accompagner au mieux l&rsquo;archer comp\u00e9titeur,<br><\/p>\n","protected":false},"excerpt":{"rendered":"<p>Pour les formations f\u00e9d\u00e9rales, inscription sur votre espace licenci\u00e9 FFTA : protocole&nbsp; R\u00e9f\u00e9rentiel FFTA des formations :\u00a0sch\u00e9ma des formations 2022 Les Comit\u00e9s D\u00e9partementaux organisent\u00a0: Formations initiales :La formation non dipl\u00f4mante Encadrant F\u00e9d\u00e9ral d\u00e9veloppe des comp\u00e9tences li\u00e9es \u00e0 l\u2019accueil du public, adh\u00e9rent ou non, dans le club, la gestion du mat\u00e9riel, la s\u00e9curit\u00e9, et de soutien [&hellip;]<\/p>\n","protected":false},"author":1,"featured_media":0,"parent":0,"menu_order":6,"comment_status":"closed","ping_status":"closed","template":"","meta":{"footnotes":""},"class_list":["post-1643","page","type-page","status-publish","hentry"],"_links":{"self":[{"href":"https:\/\/archers91.fr\/index.php?rest_route=\/wp\/v2\/pages\/1643","targetHints":{"allow":["GET"]}}],"collection":[{"href":"https:\/\/archers91.fr\/index.php?rest_route=\/wp\/v2\/pages"}],"about":[{"href":"https:\/\/archers91.fr\/index.php?rest_route=\/wp\/v2\/types\/page"}],"author":[{"embeddable":true,"href":"https:\/\/archers91.fr\/index.php?rest_route=\/wp\/v2\/users\/1"}],"replies":[{"embeddable":true,"href":"https:\/\/archers91.fr\/index.php?rest_route=%2Fwp%2Fv2%2Fcomments&post=1643"}],"version-history":[{"count":3,"href":"https:\/\/archers91.fr\/index.php?rest_route=\/wp\/v2\/pages\/1643\/revisions"}],"predecessor-version":[{"id":21110,"href":"https:\/\/archers91.fr\/index.php?rest_route=\/wp\/v2\/pages\/1643\/revisions\/21110"}],"wp:attachment":[{"href":"https:\/\/archers91.fr\/index.php?rest_route=%2Fwp%2Fv2%2Fmedia&parent=1643"}],"curies":[{"name":"wp","href":"https:\/\/api.w.org\/{rel}","templated":true}]}}