{"id":19,"date":"2009-06-29T19:12:39","date_gmt":"2009-06-29T17:12:39","guid":{"rendered":"http:\/\/localhost:8888\/wordpress\/?page_id=19"},"modified":"2025-01-22T16:51:58","modified_gmt":"2025-01-22T15:51:58","slug":"division-91","status":"publish","type":"page","link":"https:\/\/archers91.fr\/?page_id=19","title":{"rendered":"Division D\u00e9partementale 91"},"content":{"rendered":"\n<p>Inscription des \u00e9quipes aupr\u00e8s du secr\u00e9tariat<\/p>\n\n\n\n<p><span style=\"font-size: medium;\"><strong>R\u00e9sultats DD91 &#8211; Classement<\/strong><\/span> &nbsp;: <br><a href=\"https:\/\/archers91.fr\/wp-content\/uploads\/2024\/09\/resultats-DD-2024.pdf\" target=\"_blank\" rel=\"noreferrer noopener\">DD91- 2024<\/a><br><a href=\"https:\/\/archers91.fr\/wp-content\/uploads\/2023\/06\/resultats-DD91-2023.pdf\" target=\"_blank\" rel=\"noopener\">&nbsp;<\/a><br><a href=\"https:\/\/archers91.fr\/wp-content\/uploads\/2023\/06\/resultats-DD91-2023.pdf\" target=\"_blank\" rel=\"noopener\">DD 2023<\/a><\/p>\n\n\n\n<p><a href=\"https:\/\/archers91.fr\/wp-content\/uploads\/2022\/06\/DD-91-juin22.pdf\" target=\"_blank\" rel=\"noopener\">DD 91 &#8211; juin22<\/a><\/p>\n\n\n\n<p><\/p>\n\n\n\n<p><\/p>\n\n\n\n<p class=\"has-text-align-center\"><strong>\u00c9QUIPES Arcs Classiques : saison 2025<\/strong><\/p>\n\n\n\n<figure class=\"wp-block-table\"><table><tbody><tr><td><strong>JEUNES MIXTE CL<\/strong><\/td><td><strong>FEMMES CL<\/strong><\/td><td><strong>HOMMES CL<\/strong><\/td><td>&nbsp;<strong>ADULTES MIXTE CL<\/strong><\/td><\/tr><tr><td><\/td><td>Sainte Genevi\u00e8ve des bois<\/td><td>Sainte Genevi\u00e8ve des bois<\/td><td>&nbsp;Etrechy<\/td><\/tr><tr><td><\/td><td><\/td><td>Massy<\/td><td>&nbsp;<\/td><\/tr><tr><td>\u00c9tampes<\/td><td><\/td><td>\u00c9tampes<\/td><td>&nbsp;<\/td><\/tr><tr><td>\u00a0Morangis<\/td><td>\u00a0Morangis<\/td><td>\u00a0Morangis<\/td><td>&nbsp;<\/td><\/tr><tr><td>&nbsp;<\/td><td>&nbsp;<\/td><td><\/td><td>&nbsp;<\/td><\/tr><tr><td>&nbsp;<\/td><td>&nbsp;<\/td><td>&nbsp;<\/td><td>&nbsp;<\/td><\/tr><\/tbody><\/table><\/figure>\n\n\n\n<p class=\"has-text-align-center\"><strong>\u00c9QUIPES Arcs \u00e0 Poulies : saison 2025<\/strong><\/p>\n\n\n\n<figure class=\"wp-block-table\"><table><tbody><tr><td><strong>JEUNES MIXTE<br>POULIES<\/strong><\/td><td><strong>&nbsp;FEMMES<br>POULIES<\/strong><\/td><td><strong>HOMMES<br>POULIES<\/strong><\/td><td><strong>ADULTES MIXTE<br>POULIES<\/strong><\/td><\/tr><tr><td>&nbsp;<\/td><td>&nbsp;<\/td><td><\/td><td>&nbsp;<\/td><\/tr><tr><td>&nbsp;<\/td><td>&nbsp;<\/td><td><\/td><td>&nbsp;<\/td><\/tr><tr><td>&nbsp;<\/td><td>&nbsp;<\/td><td>&nbsp;<\/td><td>&nbsp;<\/td><\/tr><\/tbody><\/table><\/figure>\n\n\n\n<p>L&rsquo;objectif est de :<\/p>\n\n\n\n<ul class=\"wp-block-list\">\n<li><span style=\"line-height: normal; font-family: 'Times New Roman', 'Times New Roman', 'Bitstream Charter', Times, serif; font-size: medium;\">D\u00e9cerner le titre de champion de la Division D\u00e9partementale 91 par \u00e9quipe de club.<\/span><\/li>\n\n\n\n<li><span style=\"line-height: normal; font-family: 'Times New Roman', 'Times New Roman', 'Bitstream Charter', Times, serif; font-size: medium;\">D\u00e9signer des repr\u00e9sentants aux finales r\u00e9gionales (nombre d&rsquo;\u00e9quipes fix\u00e9 par la Ligue) sur le classement des concours ext\u00e9rieurs, s<span style=\"text-decoration: underline;\">auf pour les DD jeune&nbsp; car il n\u2019existe pas de division sup\u00e9rieure<\/span>.<\/span><\/li>\n<\/ul>\n\n\n\n<p>La DD est ouverte aux clubs de l\u2019Essonne, dans 8 cat\u00e9gories :<\/p>\n\n\n\n<ul class=\"wp-block-list\">\n<li>DD&nbsp; JEUNE MIXTE CLASSIQUE<\/li>\n\n\n\n<li>DD JEUNE MIXTE&nbsp;POULIES<\/li>\n\n\n\n<li>DD CLASSIQUE FEMMES<\/li>\n\n\n\n<li>DD CLASSIQUE HOMME<\/li>\n\n\n\n<li>DD POULIES FEMMES<\/li>\n\n\n\n<li>DD POULIES HOMME<\/li>\n\n\n\n<li>DD CLASSIQUE MIXTE<\/li>\n\n\n\n<li>DD POULIES MIXTE<\/li>\n<\/ul>\n\n\n\n<p>Le classement 91 se fait sur les r\u00e9sultats de 3 concours :<br><strong>ADULTES<\/strong> : 1 salle (au choix dans l\u2019Essonne), 1 TAE 50m (au CD) et 1 TAE 70m (au CD)<br><strong>JEUNES<\/strong>: 1 salle (au choix dans l\u2019Essonne), 1 TAE 50m (au choix dans IdF) et 1 TAE 70m (au choix dans IdF)<\/p>\n\n\n\n<p><span style=\"text-decoration: underline;\"><strong>ATTENTION : <\/strong><\/span>Le club ne peut engager qu\u2019une \u00e9quipe. Les clubs ayant une \u00e9quipe en D1, D2 , DRE et DRH peuvent participer mais sans les 3 meilleurs archers de leur club au classement national individuel TAE DI de l\u2019ann\u00e9e pr\u00e9c\u00e9dente. Les \u00e9quipes seront compos\u00e9es de 4 archers au maximum (avec les 3 meilleurs scores pris en compte) et 3 archers au minimum.<\/p>\n\n\n\n<figure class=\"wp-block-table\"><table><tbody><tr><td>\n<p style=\"text-align: center;\"><strong>T\u00e9l\u00e9chargez le r\u00e8glement de la Division D\u00e9partementale<\/strong><\/p>\n<\/td><td><a href=\"https:\/\/archers91.fr\/wp-content\/uploads\/2024\/09\/DD91-reglement-2023.pdf\" target=\"_blank\" rel=\"noreferrer noopener\">DD91-reglement 2023<\/a><p style=\"text-align: center;\"><\/p><\/td><\/tr><\/tbody><\/table><\/figure>\n","protected":false},"excerpt":{"rendered":"<p>Inscription des \u00e9quipes aupr\u00e8s du secr\u00e9tariat R\u00e9sultats DD91 &#8211; Classement &nbsp;: DD91- 2024&nbsp;DD 2023 DD 91 &#8211; juin22 \u00c9QUIPES Arcs Classiques : saison 2025 JEUNES MIXTE CL FEMMES CL HOMMES CL &nbsp;ADULTES MIXTE CL Sainte Genevi\u00e8ve des bois Sainte Genevi\u00e8ve des bois &nbsp;Etrechy Massy &nbsp; \u00c9tampes \u00c9tampes &nbsp; \u00a0Morangis \u00a0Morangis \u00a0Morangis &nbsp; &nbsp; &nbsp; &nbsp; [&hellip;]<\/p>\n","protected":false},"author":1,"featured_media":0,"parent":0,"menu_order":1,"comment_status":"closed","ping_status":"closed","template":"","meta":{"footnotes":""},"class_list":["post-19","page","type-page","status-publish","hentry"],"_links":{"self":[{"href":"https:\/\/archers91.fr\/index.php?rest_route=\/wp\/v2\/pages\/19","targetHints":{"allow":["GET"]}}],"collection":[{"href":"https:\/\/archers91.fr\/index.php?rest_route=\/wp\/v2\/pages"}],"about":[{"href":"https:\/\/archers91.fr\/index.php?rest_route=\/wp\/v2\/types\/page"}],"author":[{"embeddable":true,"href":"https:\/\/archers91.fr\/index.php?rest_route=\/wp\/v2\/users\/1"}],"replies":[{"embeddable":true,"href":"https:\/\/archers91.fr\/index.php?rest_route=%2Fwp%2Fv2%2Fcomments&post=19"}],"version-history":[{"count":22,"href":"https:\/\/archers91.fr\/index.php?rest_route=\/wp\/v2\/pages\/19\/revisions"}],"predecessor-version":[{"id":23152,"href":"https:\/\/archers91.fr\/index.php?rest_route=\/wp\/v2\/pages\/19\/revisions\/23152"}],"wp:attachment":[{"href":"https:\/\/archers91.fr\/index.php?rest_route=%2Fwp%2Fv2%2Fmedia&parent=19"}],"curies":[{"name":"wp","href":"https:\/\/api.w.org\/{rel}","templated":true}]}}