{"id":21740,"date":"2024-03-03T22:05:15","date_gmt":"2024-03-03T21:05:15","guid":{"rendered":"http:\/\/archers91.fr\/?page_id=21740"},"modified":"2025-10-20T17:03:32","modified_gmt":"2025-10-20T15:03:32","slug":"comite-directeur","status":"publish","type":"page","link":"https:\/\/archers91.fr\/?page_id=21740","title":{"rendered":"Comit\u00e9 Directeur"},"content":{"rendered":"\n<p class=\"has-text-align-center\">Mise \u00e0 jour suite \u00e0 la r\u00e9union du comit\u00e9 directeur du 25 mars 2025<\/p>\n\n\n\n<p><\/p>\n\n\n\n<div class=\"wp-block-columns is-layout-flex wp-container-core-columns-is-layout-9d6595d7 wp-block-columns-is-layout-flex\">\n<div class=\"wp-block-column is-layout-flow wp-block-column-is-layout-flow\">\n<figure class=\"wp-block-table aligncenter is-style-stripes has-small-font-size\"><table><thead><tr><th class=\"has-text-align-center\" data-align=\"center\"><strong>Fonction<\/strong><\/th><th class=\"has-text-align-center\" data-align=\"center\"><strong>Nom-Pr\u00e9nom<\/strong><\/th><th class=\"has-text-align-center\" data-align=\"center\"><\/th><th class=\"has-text-align-center\" data-align=\"center\"><strong>Commission(s)<\/strong><\/th><\/tr><\/thead><tbody><tr><td class=\"has-text-align-center\" data-align=\"center\"><strong>Pr\u00e9sidente<\/strong><\/td><td class=\"has-text-align-center\" data-align=\"center\">Tardieu Sandrine<br>(Mennecy-Villeroy)<\/td><td class=\"has-text-align-center\" data-align=\"center\"><img loading=\"lazy\" decoding=\"async\" width=\"75\" height=\"81\" class=\"wp-image-22331\" style=\"width: 75px;\" src=\"https:\/\/archers91.fr\/wp-content\/uploads\/2024\/04\/1713958809456-e1713959158378.jpg\" alt=\"\" srcset=\"https:\/\/archers91.fr\/wp-content\/uploads\/2024\/04\/1713958809456-e1713959158378.jpg 821w, https:\/\/archers91.fr\/wp-content\/uploads\/2024\/04\/1713958809456-e1713959158378-278x300.jpg 278w, https:\/\/archers91.fr\/wp-content\/uploads\/2024\/04\/1713958809456-e1713959158378-768x828.jpg 768w\" sizes=\"auto, (max-width: 75px) 100vw, 75px\" \/><\/td><td class=\"has-text-align-center\" data-align=\"center\"><strong>F\u00e9minisation<\/strong><br>Administratif<br>Communication<br>Formation<\/td><\/tr><tr><td class=\"has-text-align-center\" data-align=\"center\"><strong>Secr\u00e9taire<\/strong><\/td><td class=\"has-text-align-center\" data-align=\"center\">Depierre Thierry<br>(Massy)<\/td><td class=\"has-text-align-center\" data-align=\"center\"><img loading=\"lazy\" decoding=\"async\" width=\"75\" height=\"102\" class=\"wp-image-22316\" style=\"width: 75px;\" src=\"https:\/\/archers91.fr\/wp-content\/uploads\/2024\/04\/1713957744823-e1713958665546.jpg\" alt=\"\" srcset=\"https:\/\/archers91.fr\/wp-content\/uploads\/2024\/04\/1713957744823-e1713958665546.jpg 749w, https:\/\/archers91.fr\/wp-content\/uploads\/2024\/04\/1713957744823-e1713958665546-221x300.jpg 221w\" sizes=\"auto, (max-width: 75px) 100vw, 75px\" \/><\/td><td class=\"has-text-align-center\" data-align=\"center\">Administratif<br>RH<br>commercial<\/td><\/tr><tr><td class=\"has-text-align-center\" data-align=\"center\"><strong>Tr\u00e9sori\u00e8re<\/strong><\/td><td class=\"has-text-align-center\" data-align=\"center\">Marchand Oc\u00e9ane<br>(Orsay)<\/td><td class=\"has-text-align-center\" data-align=\"center\"><img loading=\"lazy\" decoding=\"async\" width=\"75\" height=\"87\" class=\"wp-image-22317\" style=\"width: 75px;\" src=\"https:\/\/archers91.fr\/wp-content\/uploads\/2024\/04\/1713957744842-e1713958373116.jpg\" alt=\"\" srcset=\"https:\/\/archers91.fr\/wp-content\/uploads\/2024\/04\/1713957744842-e1713958373116.jpg 949w, https:\/\/archers91.fr\/wp-content\/uploads\/2024\/04\/1713957744842-e1713958373116-257x300.jpg 257w, https:\/\/archers91.fr\/wp-content\/uploads\/2024\/04\/1713957744842-e1713958373116-879x1024.jpg 879w, https:\/\/archers91.fr\/wp-content\/uploads\/2024\/04\/1713957744842-e1713958373116-768x895.jpg 768w\" sizes=\"auto, (max-width: 75px) 100vw, 75px\" \/><\/td><td class=\"has-text-align-center\" data-align=\"center\"><strong>Finances<\/strong><\/td><\/tr><tr><td class=\"has-text-align-center\" data-align=\"center\">Membre<\/td><td class=\"has-text-align-center\" data-align=\"center\">Alliot Mathieu<br>(Egly)<\/td><td class=\"has-text-align-center\" data-align=\"center\"><img loading=\"lazy\" decoding=\"async\" width=\"75\" height=\"91\" class=\"wp-image-22320\" style=\"width: 75px;\" src=\"https:\/\/archers91.fr\/wp-content\/uploads\/2024\/04\/1713957744898-e1713958407774.jpg\" alt=\"\" srcset=\"https:\/\/archers91.fr\/wp-content\/uploads\/2024\/04\/1713957744898-e1713958407774.jpg 760w, https:\/\/archers91.fr\/wp-content\/uploads\/2024\/04\/1713957744898-e1713958407774-248x300.jpg 248w\" sizes=\"auto, (max-width: 75px) 100vw, 75px\" \/><\/td><td class=\"has-text-align-center\" data-align=\"center\"><strong>Sportive<\/strong><br>Formation<\/td><\/tr><tr><td class=\"has-text-align-center\" data-align=\"center\">Membre<\/td><td class=\"has-text-align-center\" data-align=\"center\">Baud\u00e8re Florent<br>(Mennecy-Villeroy)<\/td><td class=\"has-text-align-center\" data-align=\"center\"><\/td><td class=\"has-text-align-center\" data-align=\"center\"><strong>Tradition<\/strong><br>Para-TAA<\/td><\/tr><tr><td class=\"has-text-align-center\" data-align=\"center\">Membre<\/td><td class=\"has-text-align-center\" data-align=\"center\">Bernichi Maamoun<br>(Orsay)<\/td><td class=\"has-text-align-center\" data-align=\"center\"><\/td><td class=\"has-text-align-center\" data-align=\"center\">Communication<br><strong>Informatique<\/strong><\/td><\/tr><tr><td class=\"has-text-align-center\" data-align=\"center\">Membre<\/td><td class=\"has-text-align-center\" data-align=\"center\">Luiz BEATO<br>(Egly)<\/td><td class=\"has-text-align-center\" data-align=\"center\"><img loading=\"lazy\" decoding=\"async\" width=\"70\" height=\"78\" class=\"wp-image-23443\" style=\"width: 70px;\" src=\"https:\/\/archers91.fr\/wp-content\/uploads\/2025\/03\/WhatsApp-Image-2025-03-26-at-16.27.33-e1743012069738.jpeg\" alt=\"\" srcset=\"https:\/\/archers91.fr\/wp-content\/uploads\/2025\/03\/WhatsApp-Image-2025-03-26-at-16.27.33-e1743012069738.jpeg 448w, https:\/\/archers91.fr\/wp-content\/uploads\/2025\/03\/WhatsApp-Image-2025-03-26-at-16.27.33-e1743012069738-269x300.jpeg 269w\" sizes=\"auto, (max-width: 70px) 100vw, 70px\" \/><\/td><td class=\"has-text-align-center\" data-align=\"center\"><strong>Formation<\/strong><br>Sportive<br>Mat\u00e9riel<\/td><\/tr><tr><td class=\"has-text-align-center\" data-align=\"center\">Membre<\/td><td class=\"has-text-align-center\" data-align=\"center\">Corre Guillaume<br>(Mennecy-Villeroy)<\/td><td class=\"has-text-align-center\" data-align=\"center\"><img loading=\"lazy\" decoding=\"async\" width=\"75\" height=\"96\" class=\"wp-image-22321\" style=\"width: 75px;\" src=\"https:\/\/archers91.fr\/wp-content\/uploads\/2024\/04\/1713957744915-e1713958468373.jpg\" alt=\"\" srcset=\"https:\/\/archers91.fr\/wp-content\/uploads\/2024\/04\/1713957744915-e1713958468373.jpg 773w, https:\/\/archers91.fr\/wp-content\/uploads\/2024\/04\/1713957744915-e1713958468373-235x300.jpg 235w, https:\/\/archers91.fr\/wp-content\/uploads\/2024\/04\/1713957744915-e1713958468373-768x980.jpg 768w\" sizes=\"auto, (max-width: 75px) 100vw, 75px\" \/><\/td><td class=\"has-text-align-center\" data-align=\"center\">D\u00e9butants<br><strong>Labellisation<\/strong><br>Para TAA<br><strong>Communication<\/strong><\/td><\/tr><\/tbody><\/table><\/figure>\n<\/div>\n\n\n\n<div class=\"wp-block-column is-layout-flow wp-block-column-is-layout-flow\">\n<figure class=\"wp-block-table aligncenter is-style-stripes has-small-font-size\"><table><thead><tr><th class=\"has-text-align-center\" data-align=\"center\"><strong>Fonction<\/strong><\/th><th class=\"has-text-align-center\" data-align=\"center\"><strong>Nom-Pr\u00e9nom<\/strong><\/th><th class=\"has-text-align-center\" data-align=\"center\"><\/th><th class=\"has-text-align-center\" data-align=\"center\"><strong>Commission(s)<\/strong><\/th><\/tr><\/thead><tbody><tr><td class=\"has-text-align-center\" data-align=\"center\">Membre<\/td><td class=\"has-text-align-center\" data-align=\"center\">Cortes Eric<br>(Morangis)<\/td><td class=\"has-text-align-center\" data-align=\"center\"><\/td><td class=\"has-text-align-center\" data-align=\"center\"><strong>Arbitrage<\/strong>, PCDA<\/td><\/tr><tr><td class=\"has-text-align-center\" data-align=\"center\">Membre<\/td><td class=\"has-text-align-center\" data-align=\"center\">Criblez Alexis<br>(Saint-Vrain)<\/td><td class=\"has-text-align-center\" data-align=\"center\"><\/td><td class=\"has-text-align-center\" data-align=\"center\"><strong>Parcours<\/strong><\/td><\/tr><tr><td class=\"has-text-align-center\" data-align=\"center\">Membre<\/td><td class=\"has-text-align-center\" data-align=\"center\">Delval G\u00e9rad<br>(Mennecy-Villeroy)<\/td><td class=\"has-text-align-center\" data-align=\"center\"><img loading=\"lazy\" decoding=\"async\" width=\"75\" height=\"98\" class=\"wp-image-22315\" style=\"width: 75px;\" src=\"https:\/\/archers91.fr\/wp-content\/uploads\/2024\/04\/1713957744798-e1713958495961.jpg\" alt=\"\" srcset=\"https:\/\/archers91.fr\/wp-content\/uploads\/2024\/04\/1713957744798-e1713958495961.jpg 818w, https:\/\/archers91.fr\/wp-content\/uploads\/2024\/04\/1713957744798-e1713958495961-230x300.jpg 230w, https:\/\/archers91.fr\/wp-content\/uploads\/2024\/04\/1713957744798-e1713958495961-786x1024.jpg 786w, https:\/\/archers91.fr\/wp-content\/uploads\/2024\/04\/1713957744798-e1713958495961-768x1001.jpg 768w\" sizes=\"auto, (max-width: 75px) 100vw, 75px\" \/><\/td><td class=\"has-text-align-center\" data-align=\"center\">Parcours<br><strong>Run-Archery<\/strong><br><strong>Mat\u00e9riel<\/strong><\/td><\/tr><tr><td class=\"has-text-align-center\" data-align=\"center\">Membre<\/td><td class=\"has-text-align-center\" data-align=\"center\">Leray Aur\u00e9lie<br>(Athis-Mons)<\/td><td class=\"has-text-align-center\" data-align=\"center\"><\/td><td class=\"has-text-align-center\" data-align=\"center\"><strong>Formation<\/strong><br>D\u00e9butants<\/td><\/tr><tr><td class=\"has-text-align-center\" data-align=\"center\">Membre<\/td><td class=\"has-text-align-center\" data-align=\"center\">Hugues Martineau<br>(Villab\u00e9)<\/td><td class=\"has-text-align-center\" data-align=\"center\"><img loading=\"lazy\" decoding=\"async\" width=\"60\" height=\"86\" class=\"wp-image-23444\" style=\"width: 60px;\" src=\"https:\/\/archers91.fr\/wp-content\/uploads\/2025\/03\/WhatsApp-Image-2025-03-26-at-16.25.38-e1743012101983.jpeg\" alt=\"\" srcset=\"https:\/\/archers91.fr\/wp-content\/uploads\/2025\/03\/WhatsApp-Image-2025-03-26-at-16.25.38-e1743012101983.jpeg 830w, https:\/\/archers91.fr\/wp-content\/uploads\/2025\/03\/WhatsApp-Image-2025-03-26-at-16.25.38-e1743012101983-209x300.jpeg 209w, https:\/\/archers91.fr\/wp-content\/uploads\/2025\/03\/WhatsApp-Image-2025-03-26-at-16.25.38-e1743012101983-714x1024.jpeg 714w, https:\/\/archers91.fr\/wp-content\/uploads\/2025\/03\/WhatsApp-Image-2025-03-26-at-16.25.38-e1743012101983-768x1101.jpeg 768w\" sizes=\"auto, (max-width: 60px) 100vw, 60px\" \/><\/td><td class=\"has-text-align-center\" data-align=\"center\">D\u00e9butants<br>Sportive<\/td><\/tr><tr><td class=\"has-text-align-center\" data-align=\"center\">Consultante<\/td><td class=\"has-text-align-center\" data-align=\"center\">Nathalie Isac <br>(Villebon)<\/td><td class=\"has-text-align-center\" data-align=\"center\"><img loading=\"lazy\" decoding=\"async\" width=\"70\" height=\"76\" class=\"wp-image-23445\" style=\"width: 70px;\" src=\"https:\/\/archers91.fr\/wp-content\/uploads\/2025\/03\/WhatsApp-Image-2025-03-26-at-16.33.18-e1743012128427.jpeg\" alt=\"\" srcset=\"https:\/\/archers91.fr\/wp-content\/uploads\/2025\/03\/WhatsApp-Image-2025-03-26-at-16.33.18-e1743012128427.jpeg 590w, https:\/\/archers91.fr\/wp-content\/uploads\/2025\/03\/WhatsApp-Image-2025-03-26-at-16.33.18-e1743012128427-277x300.jpeg 277w\" sizes=\"auto, (max-width: 70px) 100vw, 70px\" \/><\/td><td class=\"has-text-align-center\" data-align=\"center\">Para TAA<\/td><\/tr><tr><td class=\"has-text-align-center\" data-align=\"center\">Membre<\/td><td class=\"has-text-align-center\" data-align=\"center\">Laetitia Nicolay <br>(Massy)<\/td><td class=\"has-text-align-center\" data-align=\"center\"><img loading=\"lazy\" decoding=\"async\" width=\"70\" height=\"70\" class=\"wp-image-23448\" style=\"width: 70px;\" src=\"https:\/\/archers91.fr\/wp-content\/uploads\/2025\/03\/1084308_492049_photo_id.png\" alt=\"\" srcset=\"https:\/\/archers91.fr\/wp-content\/uploads\/2025\/03\/1084308_492049_photo_id.png 131w, https:\/\/archers91.fr\/wp-content\/uploads\/2025\/03\/1084308_492049_photo_id-100x100.png 100w\" sizes=\"auto, (max-width: 70px) 100vw, 70px\" \/><\/td><td class=\"has-text-align-center\" data-align=\"center\">Communication<br>D\u00e9butants<br>Sportive<br>F\u00e9minisation<\/td><\/tr><\/tbody><\/table><\/figure>\n<\/div>\n<\/div>\n\n\n\n<hr class=\"wp-block-separator aligncenter has-text-color has-medium-gray-color has-alpha-channel-opacity has-medium-gray-background-color has-background is-style-wide\"\/>\n\n\n\n<figure class=\"wp-block-image size-large\"><img loading=\"lazy\" decoding=\"async\" width=\"1024\" height=\"580\" src=\"https:\/\/archers91.fr\/wp-content\/uploads\/2025\/09\/image-1024x580.png\" alt=\"\" class=\"wp-image-23818\" srcset=\"https:\/\/archers91.fr\/wp-content\/uploads\/2025\/09\/image-1024x580.png 1024w, https:\/\/archers91.fr\/wp-content\/uploads\/2025\/09\/image-300x170.png 300w, https:\/\/archers91.fr\/wp-content\/uploads\/2025\/09\/image-768x435.png 768w, https:\/\/archers91.fr\/wp-content\/uploads\/2025\/09\/image.png 1243w\" sizes=\"auto, (max-width: 1024px) 100vw, 1024px\" \/><\/figure>\n\n\n\n<h1 class=\"wp-block-heading has-text-align-center\">Salari\u00e9es<\/h1>\n\n\n\n<div class=\"wp-block-columns is-layout-flex wp-container-core-columns-is-layout-9d6595d7 wp-block-columns-is-layout-flex\">\n<div class=\"wp-block-column is-layout-flow wp-block-column-is-layout-flow\">\n<figure class=\"wp-block-table is-style-stripes has-small-font-size\"><table class=\"has-fixed-layout\"><tbody><tr><td class=\"has-text-align-center\" data-align=\"center\">Laurence Maillart, Secr\u00e9taire<br>secretariat@archers91.fr<\/td><\/tr><\/tbody><\/table><\/figure>\n<\/div>\n\n\n\n<div class=\"wp-block-column is-layout-flow wp-block-column-is-layout-flow\">\n<figure class=\"wp-block-table is-style-stripes has-small-font-size\"><table class=\"has-fixed-layout\"><tbody><tr><td class=\"has-text-align-center\" data-align=\"center\">Hugo TONNAIRE&nbsp;, DEJEPS<\/td><\/tr><\/tbody><\/table><\/figure>\n<\/div>\n<\/div>\n","protected":false},"excerpt":{"rendered":"<p>Mise \u00e0 jour suite \u00e0 la r\u00e9union du comit\u00e9 directeur du 25 mars 2025 Fonction Nom-Pr\u00e9nom Commission(s) Pr\u00e9sidente Tardieu Sandrine(Mennecy-Villeroy) F\u00e9minisationAdministratifCommunicationFormation Secr\u00e9taire Depierre Thierry(Massy) AdministratifRHcommercial Tr\u00e9sori\u00e8re Marchand Oc\u00e9ane(Orsay) Finances Membre Alliot Mathieu(Egly) SportiveFormation Membre Baud\u00e8re Florent(Mennecy-Villeroy) TraditionPara-TAA Membre Bernichi Maamoun(Orsay) CommunicationInformatique Membre Luiz BEATO(Egly) FormationSportiveMat\u00e9riel Membre Corre Guillaume(Mennecy-Villeroy) D\u00e9butantsLabellisationPara TAACommunication Fonction Nom-Pr\u00e9nom Commission(s) Membre Cortes [&hellip;]<\/p>\n","protected":false},"author":5,"featured_media":0,"parent":0,"menu_order":1,"comment_status":"closed","ping_status":"closed","template":"","meta":{"footnotes":""},"class_list":["post-21740","page","type-page","status-publish","hentry"],"_links":{"self":[{"href":"https:\/\/archers91.fr\/index.php?rest_route=\/wp\/v2\/pages\/21740","targetHints":{"allow":["GET"]}}],"collection":[{"href":"https:\/\/archers91.fr\/index.php?rest_route=\/wp\/v2\/pages"}],"about":[{"href":"https:\/\/archers91.fr\/index.php?rest_route=\/wp\/v2\/types\/page"}],"author":[{"embeddable":true,"href":"https:\/\/archers91.fr\/index.php?rest_route=\/wp\/v2\/users\/5"}],"replies":[{"embeddable":true,"href":"https:\/\/archers91.fr\/index.php?rest_route=%2Fwp%2Fv2%2Fcomments&post=21740"}],"version-history":[{"count":52,"href":"https:\/\/archers91.fr\/index.php?rest_route=\/wp\/v2\/pages\/21740\/revisions"}],"predecessor-version":[{"id":23975,"href":"https:\/\/archers91.fr\/index.php?rest_route=\/wp\/v2\/pages\/21740\/revisions\/23975"}],"wp:attachment":[{"href":"https:\/\/archers91.fr\/index.php?rest_route=%2Fwp%2Fv2%2Fmedia&parent=21740"}],"curies":[{"name":"wp","href":"https:\/\/api.w.org\/{rel}","templated":true}]}}