{"id":21805,"date":"2024-03-08T18:00:49","date_gmt":"2024-03-08T17:00:49","guid":{"rendered":"https:\/\/archers91.fr\/?page_id=21805"},"modified":"2026-04-20T13:30:38","modified_gmt":"2026-04-20T11:30:38","slug":"archers-debutants","status":"publish","type":"page","link":"https:\/\/archers91.fr\/?page_id=21805","title":{"rendered":"Archers D\u00e9butants"},"content":{"rendered":"\n<p>Le Comit\u00e9 D\u00e9partemental met en place une politique sportive sp\u00e9cialement d\u00e9di\u00e9e aux archers d\u00e9butants en proposant des rencontres Loisirs tout au long de la saison. Ces \u00e9ch\u00e9ances permettent \u00e0 chacune et chacun de se fixer des objectifs r\u00e9guliers au cours de la saison mais aussi de d\u00e9couvrir les diff\u00e9rentes pratiques.<\/p>\n\n\n\n<p>En 2025, le comit\u00e9 met en place le \u00ab\u00a0carnet du d\u00e9butant\u00a0\u00bb. Il s&rsquo;agit d&rsquo;un petit livret dans lequel vous trouverez toutes les informations n\u00e9cessaires pour vos premi\u00e8res comp\u00e9titions. Vous pourrez le faire tamponner lors de chaque concours. Si vous obtenez un tampon pour chaque distance (10m, 15m , TAE), vous recevrez une petite r\u00e9compense. Nous vous attendons nombreux !<\/p>\n\n\n\n<div class=\"wp-block-group\"><div class=\"wp-block-group__inner-container is-layout-constrained wp-block-group-is-layout-constrained\">\n<h2 class=\"wp-block-heading has-text-align-center\">Planning 2025-2026<\/h2>\n\n\n\n<figure class=\"wp-block-table alignfull\"><table class=\"has-fixed-layout\"><thead><tr><th class=\"has-text-align-center\" data-align=\"center\">Date<\/th><th class=\"has-text-align-center\" data-align=\"center\">Lieu<\/th><th class=\"has-text-align-center\" data-align=\"center\">Fichiers<\/th><\/tr><\/thead><tbody><tr><td class=\"has-text-align-center\" data-align=\"center\">29 novembre 2025<\/td><td class=\"has-text-align-center\" data-align=\"center\">Etrechy<\/td><td class=\"has-text-align-center\" data-align=\"center\"><a href=\"https:\/\/archers91.fr\/wp-content\/uploads\/2025\/10\/Mandats-rencontres-etrechy-2025.pdf\" data-type=\"attachment\" data-id=\"23972\" target=\"_blank\" rel=\"noreferrer noopener\">Mandat<\/a> ; <a href=\"https:\/\/archers91.fr\/wp-content\/uploads\/2025\/11\/251129_DebEtrechy_ClassementFinal.pdf\" data-type=\"attachment\" data-id=\"24154\">R\u00e9sultats<\/a><\/td><\/tr><tr><td class=\"has-text-align-center\" data-align=\"center\">06 d\u00e9cembre 2025<\/td><td class=\"has-text-align-center\" data-align=\"center\">Quincy \/ S\u00e9nart<\/td><td class=\"has-text-align-center\" data-align=\"center\"><a href=\"https:\/\/archers91.fr\/wp-content\/uploads\/2025\/10\/Mandats-rencontres-Quincy-2025.pdf\" data-type=\"attachment\" data-id=\"23971\" target=\"_blank\" rel=\"noreferrer noopener\">Mandat<\/a> ; <a href=\"https:\/\/archers91.fr\/wp-content\/uploads\/2025\/12\/quincy_debutants_2025_depart1.pdf\" data-type=\"attachment\" data-id=\"24159\">D\u00e9part 1<\/a> ; <a href=\"https:\/\/archers91.fr\/wp-content\/uploads\/2025\/12\/quincy_debutants_2025_depart2.pdf\" data-type=\"attachment\" data-id=\"24160\">D\u00e9part2<\/a><\/td><\/tr><tr><td class=\"has-text-align-center\" data-align=\"center\">13 d\u00e9cembre 2025<\/td><td class=\"has-text-align-center\" data-align=\"center\">Saint-Vrain<\/td><td class=\"has-text-align-center\" data-align=\"center\"><a href=\"https:\/\/archers91.fr\/wp-content\/uploads\/2025\/10\/Mandats-rencontres-Saint-Vrain-2025.pdf\" data-type=\"attachment\" data-id=\"23970\" target=\"_blank\" rel=\"noreferrer noopener\">Mandat<\/a> ; <a href=\"https:\/\/archers91.fr\/wp-content\/uploads\/2025\/12\/251213_DebStVrain_ClassementFinal.pdf\" data-type=\"attachment\" data-id=\"24171\" target=\"_blank\" rel=\"noreferrer noopener\">R\u00e9sultats<\/a><\/td><\/tr><tr><td class=\"has-text-align-center\" data-align=\"center\">7 f\u00e9vri<em>er 2<\/em>026<\/td><td class=\"has-text-align-center\" data-align=\"center\">La Fert\u00e9-Alais II<\/td><td class=\"has-text-align-center\" data-align=\"center\"><a href=\"https:\/\/archers91.fr\/wp-content\/uploads\/2026\/01\/ferte.pdf\" data-type=\"attachment\" data-id=\"24281\">Mandat<\/a> ; <a href=\"https:\/\/archers91.fr\/wp-content\/uploads\/2026\/02\/Classement-qualificatif-depart-n\u00b01.pdf\">D\u00e9part 1<\/a>; <a href=\"https:\/\/archers91.fr\/wp-content\/uploads\/2026\/02\/Classement-qualificatif-depart-n\u00b02.pdf\">D\u00e9part 2<\/a><\/td><\/tr><tr><td class=\"has-text-align-center\" data-align=\"center\">14 f\u00e9vrier 2026<\/td><td class=\"has-text-align-center\" data-align=\"center\">Forges-les-Bains<\/td><td class=\"has-text-align-center\" data-align=\"center\"><a href=\"https:\/\/archers91.fr\/wp-content\/uploads\/2026\/01\/forges.pdf\" data-type=\"attachment\" data-id=\"24282\">Mandat<\/a> ; <a href=\"https:\/\/archers91.fr\/wp-content\/uploads\/2026\/02\/Classement-Qualificatif-Forges.pdf\">r\u00e9sultats<\/a><\/td><\/tr><tr><td class=\"has-text-align-center\" data-align=\"center\">14 mars 2026<\/td><td class=\"has-text-align-center\" data-align=\"center\">Egly <\/td><td class=\"has-text-align-center\" data-align=\"center\"><a href=\"https:\/\/archers91.fr\/wp-content\/uploads\/2026\/01\/egly.pdf\" data-type=\"attachment\" data-id=\"24283\">Mandat<\/a> ; <a href=\"https:\/\/docs.google.com\/spreadsheets\/d\/1YWbxSmyNt6O36xghpmwkrdH-p4IXVfw_Rq0k1pHfYzs\/edit?usp=sharing\">inscrits<\/a> ; <a href=\"https:\/\/archers91.fr\/wp-content\/uploads\/2026\/03\/20260314-Classement-Depart-1.pdf\" target=\"_blank\" rel=\"noreferrer noopener\">D\u00e9part 1<\/a> ; <a href=\"https:\/\/archers91.fr\/wp-content\/uploads\/2026\/03\/20260314-Classement-Depart-2.pdf\" data-type=\"attachment\" data-id=\"24485\" target=\"_blank\" rel=\"noreferrer noopener\">D\u00e9part 2<\/a><\/td><\/tr><tr><td class=\"has-text-align-center\" data-align=\"center\">28 mars 2026<\/td><td class=\"has-text-align-center\" data-align=\"center\">Athis-Mons<\/td><td class=\"has-text-align-center\" data-align=\"center\"><a href=\"https:\/\/archers91.fr\/wp-content\/uploads\/2026\/02\/Mandat_Finale_Athis2026.pdf\">Mandat<\/a> ; <a href=\"https:\/\/docs.google.com\/spreadsheets\/d\/1TmFdWrHdxb1K9h6iwnqWpGTP59t7V4Z69tUPqZVhScw\/edit?usp=sharing\" target=\"_blank\" rel=\"noreferrer noopener\">Inscrits<\/a> ; <a href=\"https:\/\/archers91.fr\/wp-content\/uploads\/2026\/03\/20260328-Resultats-Athis.pdf\" data-type=\"attachment\" data-id=\"24511\" target=\"_blank\" rel=\"noreferrer noopener\">R\u00e9sultats<\/a><\/td><\/tr><tr><td class=\"has-text-align-center\" data-align=\"center\">17 juin 2026<\/td><td class=\"has-text-align-center\" data-align=\"center\">Draveil<\/td><td class=\"has-text-align-center\" data-align=\"center\">D\u00e9couverte parcours <br>(mandat \u00e0 venir)<\/td><\/tr><tr><td class=\"has-text-align-center\" data-align=\"center\">27 juin 2026<\/td><td class=\"has-text-align-center\" data-align=\"center\">Mennecy<\/td><td class=\"has-text-align-center\" data-align=\"center\">MiniTAE<br>(mandat \u00e0 venir)<\/td><\/tr><\/tbody><\/table><\/figure>\n<\/div><\/div>\n\n\n\n<div class=\"wp-block-group\"><div class=\"wp-block-group__inner-container is-layout-constrained wp-block-group-is-layout-constrained\">\n<h2 class=\"wp-block-heading has-text-align-center\">Saison 2024-2025 &#8211; salle<\/h2>\n\n\n\n<figure class=\"wp-block-table is-style-stripes has-small-font-size\"><table><thead><tr><th class=\"has-text-align-center\" data-align=\"center\">Lieu<\/th><th class=\"has-text-align-center\" data-align=\"center\">Date<\/th><th class=\"has-text-align-center\" data-align=\"center\">Distance<\/th><th class=\"has-text-align-center\" data-align=\"center\">Mandat\/R\u00e9sultats<\/th><\/tr><\/thead><tbody><tr><td class=\"has-text-align-center\" data-align=\"center\">Saint Vrain<\/td><td class=\"has-text-align-center\" data-align=\"center\">07\/12\/2024<\/td><td class=\"has-text-align-center\" data-align=\"center\">10m-individuel<\/td><td class=\"has-text-align-center\" data-align=\"center\"><a href=\"https:\/\/archers91.fr\/wp-content\/uploads\/2024\/12\/classement_saint-vrain.pdf\" data-type=\"attachment\" data-id=\"23031\">R\u00e9sultats<\/a><\/td><\/tr><tr><td class=\"has-text-align-center\" data-align=\"center\">Marcoussis<\/td><td class=\"has-text-align-center\" data-align=\"center\">14\/12\/2024<\/td><td class=\"has-text-align-center\" data-align=\"center\">10m-individuel<\/td><td class=\"has-text-align-center\" data-align=\"center\"><a href=\"https:\/\/archers91.fr\/wp-content\/uploads\/2024\/12\/2024_resutats_marcoussis_10m.pdf\" data-type=\"attachment\" data-id=\"23042\">R\u00e9sultats<\/a><\/td><\/tr><tr><td class=\"has-text-align-center\" data-align=\"center\">Egly<\/td><td class=\"has-text-align-center\" data-align=\"center\">08\/02\/2024<\/td><td class=\"has-text-align-center\" data-align=\"center\">15m -individuel<\/td><td class=\"has-text-align-center\" data-align=\"center\"><a href=\"https:\/\/archers91.fr\/wp-content\/uploads\/2024\/11\/MANDAT-EGLY-debutant-FEVRIER-2025.pdf\" data-type=\"attachment\" data-id=\"22973\">Mandat<\/a><\/td><\/tr><tr><td class=\"has-text-align-center\" data-align=\"center\">Soisy sur seine<\/td><td class=\"has-text-align-center\" data-align=\"center\">08\/03\/2024<\/td><td class=\"has-text-align-center\" data-align=\"center\">15m &#8211; individuel<\/td><td class=\"has-text-align-center\" data-align=\"center\"><a href=\"https:\/\/archers91.fr\/wp-content\/uploads\/2025\/02\/mandat-debutants-salle2025_soisy.pdf\" data-type=\"link\" data-id=\"https:\/\/archers91.fr\/wp-content\/uploads\/2025\/02\/mandat-debutants-salle2025_soisy.pdf\">Mandat<\/a><br><a href=\"https:\/\/archers91.fr\/wp-content\/uploads\/2025\/03\/Numerisation_20250309-1.png\" data-type=\"link\" data-id=\"https:\/\/archers91.fr\/wp-content\/uploads\/2025\/03\/Numerisation_20250309-1.png\">D\u00e9part1-1\/2<\/a><br><a href=\"https:\/\/archers91.fr\/wp-content\/uploads\/2025\/03\/Numerisation_20250309-2-1.png\" data-type=\"link\" data-id=\"https:\/\/archers91.fr\/wp-content\/uploads\/2025\/03\/Numerisation_20250309-2-1.png\">D\u00e9part 1-2\/2<\/a><br><a href=\"https:\/\/archers91.fr\/wp-content\/uploads\/2025\/03\/Numerisation_20250309.png\" data-type=\"link\" data-id=\"https:\/\/archers91.fr\/wp-content\/uploads\/2025\/03\/Numerisation_20250309.png\">D\u00e9part 2-1\/2<\/a><br><a href=\"https:\/\/archers91.fr\/wp-content\/uploads\/2025\/03\/Numerisation_20250309-2.png\" data-type=\"link\" data-id=\"https:\/\/archers91.fr\/wp-content\/uploads\/2025\/03\/Numerisation_20250309-2.png\">D\u00e9part 2-2\/2<\/a><\/td><\/tr><tr><td class=\"has-text-align-center\" data-align=\"center\">Athis-Mons<\/td><td class=\"has-text-align-center\" data-align=\"center\">29\/03\/2025<\/td><td class=\"has-text-align-center\" data-align=\"center\">15m &#8211; tir par \u00e9quipes<\/td><td class=\"has-text-align-center\" data-align=\"center\"><a href=\"https:\/\/archers91.fr\/wp-content\/uploads\/2025\/02\/mandat-debutants-salle2025.pptx.pdf\" data-type=\"link\" data-id=\"https:\/\/archers91.fr\/wp-content\/uploads\/2025\/02\/mandat-debutants-salle2025.pptx.pdf\">Mandat<\/a><br><a href=\"https:\/\/archers91.fr\/wp-content\/uploads\/2025\/03\/ETAT_resultat_equipe2_034814-2.pdf\" data-type=\"link\" data-id=\"etat_resuhttps:\/\/archers91.fr\/wp-content\/uploads\/2025\/03\/ETAT_resultat_equipe2_034814-2.pdf\">qualifications<\/a><br><a href=\"https:\/\/archers91.fr\/wp-content\/uploads\/2025\/03\/finales-equipes-Athis-Mons-2025-adultes.pdf\" data-type=\"link\" data-id=\"adulteshttps:\/\/archers91.fr\/wp-content\/uploads\/2025\/03\/finales-equipes-Athis-Mons-2025-adultes.pdf\">duels adultes<br><\/a><a href=\"https:\/\/archers91.fr\/wp-content\/uploads\/2025\/03\/finales-equipes-Athis-Mons-2025-jeunes.pdf\" data-type=\"link\" data-id=\"https:\/\/archers91.fr\/wp-content\/uploads\/2025\/03\/finales-equipes-Athis-Mons-2025-jeunes.pdf\">duels jeunes<\/a><\/td><\/tr><\/tbody><\/table><\/figure>\n<\/div><\/div>\n\n\n\n<div class=\"wp-block-group alignwide\"><div class=\"wp-block-group__inner-container is-layout-constrained wp-block-group-is-layout-constrained\">\n<h2 class=\"wp-block-heading has-text-align-center\">Saison 2024-2025 &#8211; ext\u00e9rieur<\/h2>\n\n\n\n<figure class=\"wp-block-table is-style-stripes has-small-font-size\"><table><thead><tr><th class=\"has-text-align-center\" data-align=\"center\">Lieu<\/th><th class=\"has-text-align-center\" data-align=\"center\">Date<\/th><th class=\"has-text-align-center\" data-align=\"center\">Distance<\/th><th class=\"has-text-align-center\" data-align=\"center\">Mandat\/r\u00e9sultats<\/th><\/tr><\/thead><tbody><tr><td class=\"has-text-align-center\" data-align=\"center\">Draveil<\/td><td class=\"has-text-align-center\" data-align=\"center\">17\/05\/2025<\/td><td class=\"has-text-align-center\" data-align=\"center\">D\u00e9couverte parcours<\/td><td class=\"has-text-align-center\" data-align=\"center\"><a href=\"https:\/\/archers91.fr\/wp-content\/uploads\/2025\/03\/mandat_decouverte_parcours_2025.pdf\" data-type=\"link\" data-id=\"https:\/\/archers91.fr\/wp-content\/uploads\/2025\/03\/mandat_decouverte_parcours_2025.pdf\">Mandat<\/a><\/td><\/tr><tr><td class=\"has-text-align-center\" data-align=\"center\">Les Ulis<\/td><td class=\"has-text-align-center\" data-align=\"center\">24\/05\/2025<\/td><td class=\"has-text-align-center\" data-align=\"center\">TAE- avec duel<\/td><td class=\"has-text-align-center\" data-align=\"center\"><a href=\"https:\/\/archers91.fr\/wp-content\/uploads\/2025\/03\/Mini-TAE_ULIS_mai2025.pdf\" data-type=\"link\" data-id=\"https:\/\/archers91.fr\/wp-content\/uploads\/2025\/03\/Mini-TAE_ULIS_mai2025.pdf\">Mandat<\/a><\/td><\/tr><tr><td class=\"has-text-align-center\" data-align=\"center\"><\/td><td class=\"has-text-align-center\" data-align=\"center\"><\/td><td class=\"has-text-align-center\" data-align=\"center\"><\/td><td class=\"has-text-align-center\" data-align=\"center\"><\/td><\/tr><\/tbody><\/table><\/figure>\n<\/div><\/div>\n\n\n\n<div class=\"wp-block-buttons is-horizontal is-content-justification-center is-nowrap is-layout-flex wp-container-core-buttons-is-layout-dd0e042c wp-block-buttons-is-layout-flex\">\n<div class=\"wp-block-button has-custom-width wp-block-button__width-50 is-style-fill\"><a class=\"wp-block-button__link has-small-font-size has-text-align-center has-custom-font-size wp-element-button\" href=\"https:\/\/archers91.fr\/?page_id=21972\" target=\"_blank\" rel=\"noreferrer noopener\">Voir les archives<\/a><\/div>\n<\/div>\n","protected":false},"excerpt":{"rendered":"<p>Le Comit\u00e9 D\u00e9partemental met en place une politique sportive sp\u00e9cialement d\u00e9di\u00e9e aux archers d\u00e9butants en proposant des rencontres Loisirs tout au long de la saison. Ces \u00e9ch\u00e9ances permettent \u00e0 chacune et chacun de se fixer des objectifs r\u00e9guliers au cours de la saison mais aussi de d\u00e9couvrir les diff\u00e9rentes pratiques. En 2025, le comit\u00e9 met [&hellip;]<\/p>\n","protected":false},"author":5,"featured_media":0,"parent":0,"menu_order":0,"comment_status":"closed","ping_status":"closed","template":"","meta":{"footnotes":""},"class_list":["post-21805","page","type-page","status-publish","hentry"],"_links":{"self":[{"href":"https:\/\/archers91.fr\/index.php?rest_route=\/wp\/v2\/pages\/21805","targetHints":{"allow":["GET"]}}],"collection":[{"href":"https:\/\/archers91.fr\/index.php?rest_route=\/wp\/v2\/pages"}],"about":[{"href":"https:\/\/archers91.fr\/index.php?rest_route=\/wp\/v2\/types\/page"}],"author":[{"embeddable":true,"href":"https:\/\/archers91.fr\/index.php?rest_route=\/wp\/v2\/users\/5"}],"replies":[{"embeddable":true,"href":"https:\/\/archers91.fr\/index.php?rest_route=%2Fwp%2Fv2%2Fcomments&post=21805"}],"version-history":[{"count":133,"href":"https:\/\/archers91.fr\/index.php?rest_route=\/wp\/v2\/pages\/21805\/revisions"}],"predecessor-version":[{"id":24589,"href":"https:\/\/archers91.fr\/index.php?rest_route=\/wp\/v2\/pages\/21805\/revisions\/24589"}],"wp:attachment":[{"href":"https:\/\/archers91.fr\/index.php?rest_route=%2Fwp%2Fv2%2Fmedia&parent=21805"}],"curies":[{"name":"wp","href":"https:\/\/api.w.org\/{rel}","templated":true}]}}