{"id":22048,"date":"2024-03-18T12:47:06","date_gmt":"2024-03-18T11:47:06","guid":{"rendered":"https:\/\/archers91.fr\/?page_id=22048"},"modified":"2024-08-28T11:56:22","modified_gmt":"2024-08-28T09:56:22","slug":"cours","status":"publish","type":"page","link":"https:\/\/archers91.fr\/?page_id=22048","title":{"rendered":"Cours"},"content":{"rendered":"\n<p>Les cours propos\u00e9s sont \u00e0 destination des archers licenci\u00e9s. Ils se d\u00e9roulent dans les locaux du comit\u00e9 sous la supervision d&rsquo;un DEJEPS.<\/p>\n\n\n\n<p class=\"has-text-align-left\">Pour tous renseignements compl\u00e9mentaires ou autre formation souhait\u00e9e, contacter le <a href=\"https:\/\/archers91.fr\/?page_id=21894\" data-type=\"link\" data-id=\"https:\/\/archers91.fr\/?page_id=21894\">secr\u00e9tariat<\/a>.<\/p>\n\n\n\n<figure class=\"wp-block-table aligncenter is-style-stripes has-small-font-size\"><table class=\"has-black-color has-white-background-color has-text-color has-background has-link-color\"><thead><tr><th class=\"has-text-align-center\" data-align=\"center\">Intitul\u00e9<\/th><th class=\"has-text-align-center\" data-align=\"center\">Objectif<\/th><th class=\"has-text-align-center\" data-align=\"center\">Tarif<\/th><th class=\"has-text-align-center\" data-align=\"center\">Dur\u00e9e<\/th><\/tr><\/thead><tbody><tr><td class=\"has-text-align-center\" data-align=\"center\">Evaluation physique<\/td><td class=\"has-text-align-center\" data-align=\"center\">Evaluer son niveau physique.<br>Mise en place d\u2019exercices de <br>renforcement personnalis\u00e9s.<\/td><td class=\"has-text-align-center\" data-align=\"center\">20\u20ac<\/td><td class=\"has-text-align-center\" data-align=\"center\">1h30<\/td><\/tr><tr><td class=\"has-text-align-center\" data-align=\"center\">Cours particulier<\/td><td class=\"has-text-align-center\" data-align=\"center\">Evaluation technique.<br>Exercices personnalis\u00e9s.<br>Planification de saison.<\/td><td class=\"has-text-align-center\" data-align=\"center\">30\u20ac\/h<\/td><td class=\"has-text-align-center\" data-align=\"center\"><\/td><\/tr><tr><td class=\"has-text-align-center\" data-align=\"center\">Coaching<\/td><td class=\"has-text-align-center\" data-align=\"center\">Travail du mental \/ gestion du stress<br>Pr\u00e9paration \u00e0 la comp\u00e9tition<\/td><td class=\"has-text-align-center\" data-align=\"center\">30\u20ac<\/td><td class=\"has-text-align-center\" data-align=\"center\">2h<\/td><\/tr><tr><td class=\"has-text-align-center\" data-align=\"center\"><\/td><td class=\"has-text-align-center\" data-align=\"center\"><\/td><td class=\"has-text-align-center\" data-align=\"center\"><\/td><td class=\"has-text-align-center\" data-align=\"center\"><\/td><\/tr><\/tbody><\/table><\/figure>\n\n\n\n<p><\/p>\n","protected":false},"excerpt":{"rendered":"<p>Les cours propos\u00e9s sont \u00e0 destination des archers licenci\u00e9s. Ils se d\u00e9roulent dans les locaux du comit\u00e9 sous la supervision d&rsquo;un DEJEPS. Pour tous renseignements compl\u00e9mentaires ou autre formation souhait\u00e9e, contacter le secr\u00e9tariat. Intitul\u00e9 Objectif Tarif Dur\u00e9e Evaluation physique Evaluer son niveau physique.Mise en place d\u2019exercices de renforcement personnalis\u00e9s. 20\u20ac 1h30 Cours particulier Evaluation technique.Exercices [&hellip;]<\/p>\n","protected":false},"author":5,"featured_media":0,"parent":0,"menu_order":0,"comment_status":"closed","ping_status":"closed","template":"","meta":{"footnotes":""},"class_list":["post-22048","page","type-page","status-publish","hentry"],"_links":{"self":[{"href":"https:\/\/archers91.fr\/index.php?rest_route=\/wp\/v2\/pages\/22048","targetHints":{"allow":["GET"]}}],"collection":[{"href":"https:\/\/archers91.fr\/index.php?rest_route=\/wp\/v2\/pages"}],"about":[{"href":"https:\/\/archers91.fr\/index.php?rest_route=\/wp\/v2\/types\/page"}],"author":[{"embeddable":true,"href":"https:\/\/archers91.fr\/index.php?rest_route=\/wp\/v2\/users\/5"}],"replies":[{"embeddable":true,"href":"https:\/\/archers91.fr\/index.php?rest_route=%2Fwp%2Fv2%2Fcomments&post=22048"}],"version-history":[{"count":13,"href":"https:\/\/archers91.fr\/index.php?rest_route=\/wp\/v2\/pages\/22048\/revisions"}],"predecessor-version":[{"id":22693,"href":"https:\/\/archers91.fr\/index.php?rest_route=\/wp\/v2\/pages\/22048\/revisions\/22693"}],"wp:attachment":[{"href":"https:\/\/archers91.fr\/index.php?rest_route=%2Fwp%2Fv2%2Fmedia&parent=22048"}],"curies":[{"name":"wp","href":"https:\/\/api.w.org\/{rel}","templated":true}]}}