{"id":22701,"date":"2024-09-06T13:35:37","date_gmt":"2024-09-06T11:35:37","guid":{"rendered":"https:\/\/archers91.fr\/?page_id=22701"},"modified":"2024-10-05T12:57:50","modified_gmt":"2024-10-05T10:57:50","slug":"groupe-essonne-adultes","status":"publish","type":"page","link":"https:\/\/archers91.fr\/?page_id=22701","title":{"rendered":"Groupe Essonne Adultes"},"content":{"rendered":"\n<p class=\"has-medium-font-size\">Le Groupe Essonne Adultes propose un suivi \u00e0 l&rsquo;ensemble des archers essonniens licenci\u00e9s FFTA (U21 \u00e0 S3). Ils&nbsp;b\u00e9n\u00e9ficient&nbsp;d\u2019entra\u00eenements&nbsp;suppl\u00e9mentaires encadr\u00e9s par le Comit\u00e9 D\u00e9partemental \u00e0 un tarif de <strong>100 \u20ac pour 9 s\u00e9ances de 3h le samedi apr\u00e8s-midi.<\/strong> Le groupe sera constitu\u00e9 de 10 \u00e0 12 archers au maximum.<\/p>\n\n\n\n<p class=\"has-medium-font-size\">L&rsquo;objectif est de r\u00e9aliser un travail sp\u00e9cifique :<\/p>\n\n\n\n<ul class=\"wp-block-list\">\n<li class=\"has-medium-font-size\">Apporter un compl\u00e9ment de formation (technique\/physique et mat\u00e9riel) pour am\u00e9liorer sa performance de tir. <\/li>\n\n\n\n<li class=\"has-medium-font-size\">Participer \u00e0 des comp\u00e9titions dites \u00ab officielles \u00bb en salle comme \u00e0 l\u2019ext\u00e9rieur.<\/li>\n\n\n\n<li class=\"has-medium-font-size\">Mettre en place une d\u00e9marche sportive pour atteindre ses objectifs personnels en salle comme \u00e0 l\u2019ext\u00e9rieur.<\/li>\n\n\n\n<li class=\"has-medium-font-size\"> Atteindre un niveau de performance r\u00e9gional sur du TAE longues distances.<\/li>\n<\/ul>\n\n\n\n<h2 class=\"wp-block-heading has-medium-font-size\">Calendrier des entra\u00eenements 2024-2025 : de 14h \u00e0 17h avec Hugo<\/h2>\n\n\n\n<figure class=\"wp-block-table alignwide is-style-stripes\"><table class=\"has-fixed-layout\"><thead><tr><th class=\"has-text-align-center\" data-align=\"center\">Date et heure<\/th><th class=\"has-text-align-center\" data-align=\"center\">Lieu<\/th><th class=\"has-text-align-center\" data-align=\"center\">Plan d&rsquo;acc\u00e8s<\/th><\/tr><\/thead><tbody><tr><td class=\"has-text-align-center\" data-align=\"center\">19 octobre<\/td><td class=\"has-text-align-center\" data-align=\"center\">Local de Corbeil<\/td><td class=\"has-text-align-center\" data-align=\"center\"><span style=\"font-size: medium;\">Plan d&rsquo;acc\u00e8s \u00e0 Corbeil : <a href=\"https:\/\/archers91.fr\/wp-content\/uploads\/2024\/09\/acces-CDTAE.pdf\" target=\"_blank\" rel=\"noreferrer noopener\">pdf<\/a><\/span><\/td><\/tr><tr><td class=\"has-text-align-center\" data-align=\"center\">9 novembre<\/td><td class=\"has-text-align-center\" data-align=\"center\">Local de Corbeil<\/td><td class=\"has-text-align-center\" data-align=\"center\"><\/td><\/tr><tr><td class=\"has-text-align-center\" data-align=\"center\">14 decembre<\/td><td class=\"has-text-align-center\" data-align=\"center\">Local de Corbeil<\/td><td class=\"has-text-align-center\" data-align=\"center\"><\/td><\/tr><tr><td class=\"has-text-align-center\" data-align=\"center\">11 janvier<\/td><td class=\"has-text-align-center\" data-align=\"center\">Local de Corbeil<\/td><td class=\"has-text-align-center\" data-align=\"center\"><\/td><\/tr><tr><td class=\"has-text-align-center\" data-align=\"center\">8 mars<\/td><td class=\"has-text-align-center\" data-align=\"center\">Local de Corbeil<\/td><td class=\"has-text-align-center\" data-align=\"center\"><\/td><\/tr><tr><td class=\"has-text-align-center\" data-align=\"center\">29 mars<\/td><td class=\"has-text-align-center\" data-align=\"center\">Local de Corbeil<\/td><td class=\"has-text-align-center\" data-align=\"center\"><\/td><\/tr><tr><td class=\"has-text-align-center\" data-align=\"center\">12 avril<\/td><td class=\"has-text-align-center\" data-align=\"center\">terrain ext<\/td><td class=\"has-text-align-center\" data-align=\"center\"><\/td><\/tr><tr><td class=\"has-text-align-center\" data-align=\"center\">3 mai<\/td><td class=\"has-text-align-center\" data-align=\"center\">terrain ext<\/td><td class=\"has-text-align-center\" data-align=\"center\"><\/td><\/tr><tr><td class=\"has-text-align-center\" data-align=\"center\">21 juin<\/td><td class=\"has-text-align-center\" data-align=\"center\">terrain ext<\/td><td class=\"has-text-align-center\" data-align=\"center\"><\/td><\/tr><\/tbody><\/table><\/figure>\n\n\n\n<h2 class=\"wp-block-heading\">Liste des inscrits 2024-2025<\/h2>\n\n\n\n<figure class=\"wp-block-table is-style-stripes\"><table><thead><tr><th class=\"has-text-align-center\" data-align=\"center\">Nom<\/th><th class=\"has-text-align-center\" data-align=\"center\">Club<\/th><\/tr><\/thead><tbody><tr><td class=\"has-text-align-center\" data-align=\"center\">REGNAULT MARTIAL<\/td><td class=\"has-text-align-center\" data-align=\"center\">la Fert\u00e9 Alais<\/td><\/tr><tr><td class=\"has-text-align-center\" data-align=\"center\">BONNARDEL MATTHIAS<\/td><td class=\"has-text-align-center\" data-align=\"center\">Ste Gen<\/td><\/tr><tr><td class=\"has-text-align-center\" data-align=\"center\">MAUVEZIN LAURA<\/td><td class=\"has-text-align-center\" data-align=\"center\">Draveil s\u00e9nart<\/td><\/tr><tr><td class=\"has-text-align-center\" data-align=\"center\">STIENNE ERIC<\/td><td class=\"has-text-align-center\" data-align=\"center\">Wissous<\/td><\/tr><tr><td class=\"has-text-align-center\" data-align=\"center\">LAMA RITCHY<\/td><td class=\"has-text-align-center\" data-align=\"center\">Quincy<\/td><\/tr><tr><td class=\"has-text-align-center\" data-align=\"center\">DESVENAIN VINCENT<\/td><td class=\"has-text-align-center\" data-align=\"center\">Wissous<\/td><\/tr><tr><td class=\"has-text-align-center\" data-align=\"center\">DUPUIS MANON<\/td><td class=\"has-text-align-center\" data-align=\"center\">Draveil s\u00e9nart<\/td><\/tr><tr><td class=\"has-text-align-center\" data-align=\"center\">FABRE CHRISTELLE<\/td><td class=\"has-text-align-center\" data-align=\"center\">Saintry<\/td><\/tr><tr><td class=\"has-text-align-center\" data-align=\"center\">HEURTEAU LAURENT<\/td><td class=\"has-text-align-center\" data-align=\"center\">Fert\u00e9 Alais<\/td><\/tr><tr><td class=\"has-text-align-center\" data-align=\"center\">GOUTTEBROZE LAZARE<\/td><td class=\"has-text-align-center\" data-align=\"center\">Mennecy<\/td><\/tr><tr><td class=\"has-text-align-center\" data-align=\"center\">BOBROWSKI FREDERIQUE<\/td><td class=\"has-text-align-center\" data-align=\"center\">\u00a0Quincy<\/td><\/tr><tr><td class=\"has-text-align-center\" data-align=\"center\">POUSTIER EMMA<\/td><td class=\"has-text-align-center\" data-align=\"center\">Quincy<\/td><\/tr><\/tbody><\/table><\/figure>\n\n\n\n<p><\/p>\n\n\n\n<p><\/p>\n","protected":false},"excerpt":{"rendered":"<p>Le Groupe Essonne Adultes propose un suivi \u00e0 l&rsquo;ensemble des archers essonniens licenci\u00e9s FFTA (U21 \u00e0 S3). Ils&nbsp;b\u00e9n\u00e9ficient&nbsp;d\u2019entra\u00eenements&nbsp;suppl\u00e9mentaires encadr\u00e9s par le Comit\u00e9 D\u00e9partemental \u00e0 un tarif de 100 \u20ac pour 9 s\u00e9ances de 3h le samedi apr\u00e8s-midi. Le groupe sera constitu\u00e9 de 10 \u00e0 12 archers au maximum. L&rsquo;objectif est de r\u00e9aliser un travail sp\u00e9cifique [&hellip;]<\/p>\n","protected":false},"author":1,"featured_media":0,"parent":0,"menu_order":0,"comment_status":"closed","ping_status":"closed","template":"","meta":{"footnotes":""},"class_list":["post-22701","page","type-page","status-publish","hentry"],"_links":{"self":[{"href":"https:\/\/archers91.fr\/index.php?rest_route=\/wp\/v2\/pages\/22701","targetHints":{"allow":["GET"]}}],"collection":[{"href":"https:\/\/archers91.fr\/index.php?rest_route=\/wp\/v2\/pages"}],"about":[{"href":"https:\/\/archers91.fr\/index.php?rest_route=\/wp\/v2\/types\/page"}],"author":[{"embeddable":true,"href":"https:\/\/archers91.fr\/index.php?rest_route=\/wp\/v2\/users\/1"}],"replies":[{"embeddable":true,"href":"https:\/\/archers91.fr\/index.php?rest_route=%2Fwp%2Fv2%2Fcomments&post=22701"}],"version-history":[{"count":15,"href":"https:\/\/archers91.fr\/index.php?rest_route=\/wp\/v2\/pages\/22701\/revisions"}],"predecessor-version":[{"id":22836,"href":"https:\/\/archers91.fr\/index.php?rest_route=\/wp\/v2\/pages\/22701\/revisions\/22836"}],"wp:attachment":[{"href":"https:\/\/archers91.fr\/index.php?rest_route=%2Fwp%2Fv2%2Fmedia&parent=22701"}],"curies":[{"name":"wp","href":"https:\/\/api.w.org\/{rel}","templated":true}]}}