{"id":2281,"date":"2011-05-09T10:56:53","date_gmt":"2011-05-09T08:56:53","guid":{"rendered":"http:\/\/www.archers91.fr\/wordpress\/archers\/?page_id=2281"},"modified":"2026-03-10T09:43:26","modified_gmt":"2026-03-10T08:43:26","slug":"calendrier-des-competitions-2-2","status":"publish","type":"page","link":"https:\/\/archers91.fr\/?page_id=2281","title":{"rendered":"Calendrier des concours"},"content":{"rendered":"\n<p class=\"has-text-align-center\"><a href=\"https:\/\/archers91.fr\/?page_id=21793\" data-type=\"page\" data-id=\"21793\" target=\"_blank\" rel=\"noreferrer noopener\">Test d&rsquo;un calendrier partag\u00e9<\/a><\/p>\n\n\n\n<div class=\"wp-block-group\"><div class=\"wp-block-group__inner-container is-layout-constrained wp-block-group-is-layout-constrained\">\n<h2 class=\"wp-block-heading\">Saison estivale 2026<\/h2>\n\n\n\n<table id=\"tablepress-10\" class=\"tablepress tablepress-id-10\">\n<thead>\n<tr class=\"row-1\">\n\t<th class=\"column-1\">Date D\u00e9but<\/th><th class=\"column-2\">Nom de l&rsquo;\u00e9preuve<\/th><th class=\"column-3\">Lieu<\/th><th class=\"column-4\">Discipline<\/th><th class=\"column-5\">Formule<\/th><th class=\"column-6\">Caract\u00e9ristiques<\/th><th class=\"column-7\">Mandat<\/th><th class=\"column-8\">R\u00e9sultats<\/th>\n<\/tr>\n<\/thead>\n<tbody class=\"row-striping row-hover\">\n<tr class=\"row-2\">\n\t<td class=\"column-1\">2026-04-11<\/td><td class=\"column-2\">CD91 BEURSAULT 2026<\/td><td class=\"column-3\">EGLY<\/td><td class=\"column-4\">Tir Beursault<\/td><td class=\"column-5\">Beursault s\u00e9lectif<\/td><td class=\"column-6\">Championnat D\u00e9partemental individuel<\/td><td class=\"column-7\"><a href=\"https:\/\/archers91.fr\/wp-content\/uploads\/2026\/01\/Mandat-CD-beursault-2026.pdf\" target=\"_blank\">Mandat<\/a><\/td><td class=\"column-8\"><a href=\"http:\/\/www.astra.beursault.fr\/affectationConcours.php?c=AHv6TM\">listes inscrits astra<\/a><br \/>\n<br \/>\n<a href=\"https:\/\/archers91.fr\/wp-content\/uploads\/2026\/03\/cht-beursault-2026-au-30-mars2026.pdf\">Tableau des inscrits au 30 mars<\/a><\/td>\n<\/tr>\n<tr class=\"row-3\">\n\t<td class=\"column-1\">2026-04-12<\/td><td class=\"column-2\">CD91 NATURE MATIN<\/td><td class=\"column-3\">MARCOUSSIS<\/td><td class=\"column-4\">Tir Nature<\/td><td class=\"column-5\">21 CIBLES<\/td><td class=\"column-6\">Championnat D\u00e9partemental individuel<\/td><td class=\"column-7\"><a href=\"https:\/\/archers91.fr\/wp-content\/uploads\/2026\/02\/Mandat-CD-Nature-Marcoussis-12-04-2026.pdf\" target=\"_blank\">Mandat<\/a><\/td><td class=\"column-8\"><\/td>\n<\/tr>\n<tr class=\"row-4\">\n\t<td class=\"column-1\">2026-04-12<\/td><td class=\"column-2\">CD92 NATURE APRES MIDI<\/td><td class=\"column-3\">MARCOUSSIS<\/td><td class=\"column-4\">Tir Nature<\/td><td class=\"column-5\">21 CIBLES<\/td><td class=\"column-6\">Championnat D\u00e9partemental individuel<\/td><td class=\"column-7\"><a href=\"https:\/\/archers91.fr\/wp-content\/uploads\/2026\/02\/Mandat-CD-Nature-Marcoussis-12-04-2026.pdf\" target=\"_blank\">Mandat<\/a><\/td><td class=\"column-8\"><\/td>\n<\/tr>\n<tr class=\"row-5\">\n\t<td class=\"column-1\">2026-04-18<\/td><td class=\"column-2\">TAE DN ET DI<\/td><td class=\"column-3\">MORANGIS<\/td><td class=\"column-4\">Para-tir \u00e0 l&rsquo;arc en ext\u00e9rieur<\/td><td class=\"column-5\"><\/td><td class=\"column-6\">Individuel<br \/>\nValide + Para<\/td><td class=\"column-7\"><a href=\"https:\/\/archers91.fr\/wp-content\/uploads\/2026\/03\/Mandat-MORANGIS-TAE-18-19-avril-2026-1.pdf\" target=\"_blank\">Mandat<\/a><\/td><td class=\"column-8\"><\/td>\n<\/tr>\n<tr class=\"row-6\">\n\t<td class=\"column-1\">2026-04-18<\/td><td class=\"column-2\">TAE DN ET DI<\/td><td class=\"column-3\">MORANGIS<\/td><td class=\"column-4\">Tir \u00e0 l&rsquo;Arc Ext\u00e9rieur &#8211; CD91<\/td><td class=\"column-5\"><\/td><td class=\"column-6\">Championnat D\u00e9partemental individuel<br \/>\nValide + Para<\/td><td class=\"column-7\"><a href=\"https:\/\/archers91.fr\/wp-content\/uploads\/2026\/03\/Mandat-MORANGIS-TAE-18-19-avril-2026.pdf\">Mandat <\/a><\/td><td class=\"column-8\"><a href=\"https:\/\/archers91.fr\/wp-content\/uploads\/2026\/04\/Classement-General-TAEITAEN-Support-CD91-TAEI.pdf\" target=\"_blank\">R\u00e9sultats tous archers<\/a><br \/>\n<br \/>\n<a href=\"https:\/\/archers91.fr\/wp-content\/uploads\/2026\/04\/resultats_de_mes_archers-7.pdf\" target=\"_blank\">R\u00e9sultats 91<\/a><\/td>\n<\/tr>\n<tr class=\"row-7\">\n\t<td class=\"column-1\">2026-04-25<\/td><td class=\"column-2\">DRAVEIL S\u00c9NART CAMPAGNE SAMEDI<\/td><td class=\"column-3\">DRAVEIL<\/td><td class=\"column-4\">Tir en Campagne<\/td><td class=\"column-5\">12 CONNUES + 12 INCONNUES<\/td><td class=\"column-6\">Individuel<\/td><td class=\"column-7\"><a href=\"https:\/\/archers91.fr\/wp-content\/uploads\/2026\/02\/Mandat-CD-Campagne-Draveil-Senart-Avril-2026.pdf\" target=\"_blank\">Mandat<\/a><\/td><td class=\"column-8\"><\/td>\n<\/tr>\n<tr class=\"row-8\">\n\t<td class=\"column-1\">2026-04-26<\/td><td class=\"column-2\">DRAVEIL S\u00c9NART CAMPAGNE DIMANCHE<\/td><td class=\"column-3\">DRAVEIL<\/td><td class=\"column-4\">Tir en Campagne<\/td><td class=\"column-5\">12 CONNUES + 12 INCONNUES<\/td><td class=\"column-6\">Championnat D\u00e9partemental individuel<\/td><td class=\"column-7\"><a href=\"https:\/\/archers91.fr\/wp-content\/uploads\/2026\/02\/mandat-Draveil-Senart-Campagne-Avril-2026.pdf\">Mandat Campagne Draveil<\/a><\/td><td class=\"column-8\"><\/td>\n<\/tr>\n<tr class=\"row-9\">\n\t<td class=\"column-1\">2026-05-14<\/td><td class=\"column-2\">TAE DI DRAVEIL<\/td><td class=\"column-3\">DRAVEIL<\/td><td class=\"column-4\">Tir \u00e0 l&rsquo;Arc Ext\u00e9rieur<\/td><td class=\"column-5\"><\/td><td class=\"column-6\">Individuel<\/td><td class=\"column-7\"><a href=\"https:\/\/archers91.fr\/wp-content\/uploads\/2026\/03\/Mandat-Draveil-Senart-TAE-DI-14-mai-26.pdf\" target=\"_blank\">Mandat<\/a><\/td><td class=\"column-8\"><\/td>\n<\/tr>\n<tr class=\"row-10\">\n\t<td class=\"column-1\">2026-05-15<\/td><td class=\"column-2\">TAE DN ET DI DRAVEIL<\/td><td class=\"column-3\">DRAVEIL<\/td><td class=\"column-4\">Tir \u00e0 l&rsquo;Arc Ext\u00e9rieur<\/td><td class=\"column-5\"><\/td><td class=\"column-6\">Individuel<\/td><td class=\"column-7\"><a href=\"https:\/\/archers91.fr\/wp-content\/uploads\/2026\/03\/Mandat-Draveil-Senart-TAE-DN-15-mai-26.pdf\" target=\"_blank\">Mandat<\/a><\/td><td class=\"column-8\"><\/td>\n<\/tr>\n<tr class=\"row-11\">\n\t<td class=\"column-1\">2026-05-17<\/td><td class=\"column-2\">NATURE PAR \u00c9QUIPE<\/td><td class=\"column-3\">DRAVEIL<\/td><td class=\"column-4\">Tir Nature<\/td><td class=\"column-5\">21 CIBLES<\/td><td class=\"column-6\">Championnat d\u00e9partemental par \u00e9quipe de club (91 et 78)<\/td><td class=\"column-7\"><a href=\"https:\/\/archers91.fr\/wp-content\/uploads\/2026\/03\/Nature-par-equipe-Draveil-17-mai-26.pdf\" target=\"_blank\">Mandat<\/a><\/td><td class=\"column-8\"><\/td>\n<\/tr>\n<tr class=\"row-12\">\n\t<td class=\"column-1\">2026-05-30<\/td><td class=\"column-2\">CONCOURS BEURSAULT<\/td><td class=\"column-3\">LISSES<\/td><td class=\"column-4\">Tir Beursault<\/td><td class=\"column-5\">Beursault s\u00e9lectif<\/td><td class=\"column-6\">Individuel<\/td><td class=\"column-7\"><\/td><td class=\"column-8\"><\/td>\n<\/tr>\n<tr class=\"row-13\">\n\t<td class=\"column-1\">2026-05-30<\/td><td class=\"column-2\">TIR EN CAMPAGNE &#8211; BOIS DE LA GRILLE NOIRE<\/td><td class=\"column-3\">ORSAY<\/td><td class=\"column-4\">Tir en Campagne<\/td><td class=\"column-5\">12 CONNUES + 12 INCONNUES<\/td><td class=\"column-6\">Individuel<\/td><td class=\"column-7\"><a href=\"https:\/\/archers91.fr\/wp-content\/uploads\/2026\/04\/Mandat-campagne-ORSAY-2026.pdf\" target=\"_blank\">Mandat<\/a><\/td><td class=\"column-8\"><\/td>\n<\/tr>\n<tr class=\"row-14\">\n\t<td class=\"column-1\">2026-05-30<\/td><td class=\"column-2\">CD PARA OUVERT<\/td><td class=\"column-3\">DOURDAN<\/td><td class=\"column-4\">Para-tir \u00e0 l&rsquo;arc en ext\u00e9rieur<\/td><td class=\"column-5\"><\/td><td class=\"column-6\">Championnat D\u00e9partemental individuel<br \/>\nValide + Para<\/td><td class=\"column-7\"><a href=\"https:\/\/archers91.fr\/wp-content\/uploads\/2026\/03\/Mandat-Dourdan-TAE-30mai-2026.pdf\" target=\"_blank\">Mandat<\/a><\/td><td class=\"column-8\"><\/td>\n<\/tr>\n<tr class=\"row-15\">\n\t<td class=\"column-1\">2026-05-30<\/td><td class=\"column-2\">CD PARA OUVERT<\/td><td class=\"column-3\">DOURDAN<\/td><td class=\"column-4\">Tir \u00e0 l&rsquo;Arc Ext\u00e9rieur<\/td><td class=\"column-5\"><\/td><td class=\"column-6\">Championnat D\u00e9partemental individuel<br \/>\nValide + Para<\/td><td class=\"column-7\"><a href=\"https:\/\/archers91.fr\/wp-content\/uploads\/2026\/03\/Mandat-Dourdan-TAE-30mai-2026.pdf\" target=\"_blank\">Mandat<\/a><\/td><td class=\"column-8\"><\/td>\n<\/tr>\n<tr class=\"row-16\">\n\t<td class=\"column-1\">2026-05-31<\/td><td class=\"column-2\">CR IDF<\/td><td class=\"column-3\">ORSAY<\/td><td class=\"column-4\">Tir en Campagne<\/td><td class=\"column-5\">12 CONNUES + 12 INCONNUES<\/td><td class=\"column-6\">Championnat R\u00e9gional individuel<\/td><td class=\"column-7\"><a href=\"https:\/\/archers91.fr\/wp-content\/uploads\/2026\/04\/Mandat-ORSAY-CR-campagne-2026-Le-31-05-2026.pdf\" target=\"_blank\">Mandat<\/a><\/td><td class=\"column-8\"><\/td>\n<\/tr>\n<tr class=\"row-17\">\n\t<td class=\"column-1\">2026-06-06<\/td><td class=\"column-2\">CD91 TAE N 2026<\/td><td class=\"column-3\">LES ULIS<\/td><td class=\"column-4\">Tir \u00e0 l&rsquo;Arc Ext\u00e9rieur<\/td><td class=\"column-5\"><\/td><td class=\"column-6\">Championnat D\u00e9partemental individuel<\/td><td class=\"column-7\"><a href=\"https:\/\/archers91.fr\/wp-content\/uploads\/2026\/04\/CD_TAEN_2026_91.pdf\" target=\"_blank\">Mandat<\/a><\/td><td class=\"column-8\"><\/td>\n<\/tr>\n<tr class=\"row-18\">\n\t<td class=\"column-1\">2026-06-06<\/td><td class=\"column-2\">DRAVEIL S\u00c9NART 3D SAMEDI MATIN<\/td><td class=\"column-3\">DRAVEIL<\/td><td class=\"column-4\">Tir 3D<\/td><td class=\"column-5\">1 X 24 CIBLES<\/td><td class=\"column-6\">Individuel<\/td><td class=\"column-7\"><a href=\"https:\/\/archers91.fr\/wp-content\/uploads\/2026\/03\/Mandat-Draveil-Senart-3D-6-et-7-juin-2026.pdf\" target=\"_blank\">Mandat<\/a><\/td><td class=\"column-8\"><\/td>\n<\/tr>\n<tr class=\"row-19\">\n\t<td class=\"column-1\">2026-06-06<\/td><td class=\"column-2\">DRAVEIL S\u00c9NART 3D SAMEDI  APR\u00c8S-MIDI<\/td><td class=\"column-3\">DRAVEIL<\/td><td class=\"column-4\">Tir 3D<\/td><td class=\"column-5\">1 X 24 CIBLES<\/td><td class=\"column-6\">Individuel<\/td><td class=\"column-7\"><a href=\"https:\/\/archers91.fr\/wp-content\/uploads\/2026\/03\/Mandat-Draveil-Senart-3D-6-et-7-juin-2026.pdf\" target=\"_blank\">Mandat<\/a><\/td><td class=\"column-8\"><\/td>\n<\/tr>\n<tr class=\"row-20\">\n\t<td class=\"column-1\">2026-06-07<\/td><td class=\"column-2\">CD91 3D DRAVEIL SENART DIMANCHE MATIN<\/td><td class=\"column-3\">DRAVEIL<\/td><td class=\"column-4\">Tir 3D<\/td><td class=\"column-5\">1 X 24 CIBLES<\/td><td class=\"column-6\">Championnat D\u00e9partemental individuel<\/td><td class=\"column-7\"><a href=\"https:\/\/archers91.fr\/wp-content\/uploads\/2026\/03\/Mandat-Draveil-Senart-3D-6-et-7-juin-2026.pdf\" target=\"_blank\">Mandat<\/a><\/td><td class=\"column-8\"><\/td>\n<\/tr>\n<tr class=\"row-21\">\n\t<td class=\"column-1\">2026-06-07<\/td><td class=\"column-2\">CD91 3D DRAVEIL S\u00c9NART DIMANCHE APR\u00c8S-MIDI<\/td><td class=\"column-3\">DRAVEIL<\/td><td class=\"column-4\">Tir 3D<\/td><td class=\"column-5\">1 X 24 CIBLES<\/td><td class=\"column-6\">Championnat D\u00e9partemental individuel<\/td><td class=\"column-7\"><a href=\"https:\/\/archers91.fr\/wp-content\/uploads\/2026\/03\/Mandat-Draveil-Senart-3D-6-et-7-juin-2026.pdf\" target=\"_blank\">Mandat<\/a><\/td><td class=\"column-8\"><\/td>\n<\/tr>\n<tr class=\"row-22\">\n\t<td class=\"column-1\">2026-06-10<\/td><td class=\"column-2\">TAE DI DRAVEIL<\/td><td class=\"column-3\">DRAVEIL<\/td><td class=\"column-4\">Tir \u00e0 l&rsquo;Arc Ext\u00e9rieur<\/td><td class=\"column-5\"><\/td><td class=\"column-6\">Individuel<\/td><td class=\"column-7\"><a href=\"https:\/\/archers91.fr\/wp-content\/uploads\/2026\/03\/Mandat-Draveil-Senart-TAE-DI-10-juin-2026.pdf\" target=\"_blank\">Mandat<\/a><\/td><td class=\"column-8\"><\/td>\n<\/tr>\n<tr class=\"row-23\">\n\t<td class=\"column-1\">2026-06-21<\/td><td class=\"column-2\">CR IDF TIR 3D<\/td><td class=\"column-3\">SAULX LES CHARTREUX<\/td><td class=\"column-4\">Tir 3D<\/td><td class=\"column-5\">1 X 24 CIBLES<\/td><td class=\"column-6\">Championnat R\u00e9gional individuel<\/td><td class=\"column-7\"><\/td><td class=\"column-8\"><\/td>\n<\/tr>\n<tr class=\"row-24\">\n\t<td class=\"column-1\">2026-06-21<\/td><td class=\"column-2\">TIR DES JARDINIERS<\/td><td class=\"column-3\">LISSES<\/td><td class=\"column-4\">Tir Beursault<\/td><td class=\"column-5\">Loisir Beursault<\/td><td class=\"column-6\">Individuel<\/td><td class=\"column-7\"><\/td><td class=\"column-8\"><\/td>\n<\/tr>\n<tr class=\"row-25\">\n\t<td class=\"column-1\">2026-08-29<\/td><td class=\"column-2\">CONCOURS BEURSAULT DE MORSANG<\/td><td class=\"column-3\">MORSANG SUR ORGE<\/td><td class=\"column-4\">Tir Beursault<\/td><td class=\"column-5\">Beursault s\u00e9lectif<\/td><td class=\"column-6\">Individuel<\/td><td class=\"column-7\"><\/td><td class=\"column-8\"><\/td>\n<\/tr>\n<tr class=\"row-26\">\n\t<td class=\"column-1\">2026-09-12<\/td><td class=\"column-2\">TIR DES VENDANGES<\/td><td class=\"column-3\">LISSES<\/td><td class=\"column-4\">Tir Beursault<\/td><td class=\"column-5\">Loisir Beursault<\/td><td class=\"column-6\">Individuel<\/td><td class=\"column-7\"><\/td><td class=\"column-8\"><\/td>\n<\/tr>\n<\/tbody>\n<\/table>\n<!-- #tablepress-10 from cache -->\n\n\n<h2 class=\"wp-block-heading\">Saison hivernale 2026<\/h2>\n\n\n\n<table id=\"tablepress-9\" class=\"tablepress tablepress-id-9\">\n<thead>\n<tr class=\"row-1\">\n\t<th class=\"column-1\">Date D\u00e9but<\/th><th class=\"column-2\">Nom de l&rsquo;\u00e9preuve<\/th><th class=\"column-3\">Lieu<\/th><th class=\"column-4\">Discipline<\/th><th class=\"column-5\">Formule<\/th><th class=\"column-6\">Caract\u00e9ristiques<\/th><th class=\"column-7\">Mandat<\/th><td class=\"column-8\"><\/td><th class=\"column-9\">R\u00e9sultats<\/th>\n<\/tr>\n<\/thead>\n<tbody class=\"row-striping row-hover\">\n<tr class=\"row-2\">\n\t<td class=\"column-1\">2025-09-14<\/td><td class=\"column-2\">TIR DES VENDANGES<\/td><td class=\"column-3\">LISSES<\/td><td class=\"column-4\">Tir Beursault<\/td><td class=\"column-5\">Loisir Beursault<\/td><td class=\"column-6\">Individuel<\/td><td class=\"column-7\"><\/td><td class=\"column-8\"><\/td><td class=\"column-9\"><\/td>\n<\/tr>\n<tr class=\"row-3\">\n\t<td class=\"column-1\">2025-09-14<\/td><td class=\"column-2\">TIR DES VENDANGES<\/td><td class=\"column-3\">LISSES<\/td><td class=\"column-4\">Tir Beursault<\/td><td class=\"column-5\">Loisir Beursault<\/td><td class=\"column-6\">Individuel<\/td><td class=\"column-7\"><\/td><td class=\"column-8\"><\/td><td class=\"column-9\"><\/td>\n<\/tr>\n<tr class=\"row-4\">\n\t<td class=\"column-1\">2025-09-14<\/td><td class=\"column-2\">TIR DES VENDANGES<\/td><td class=\"column-3\">LISSES<\/td><td class=\"column-4\">Tir Beursault<\/td><td class=\"column-5\">Loisir Beursault<\/td><td class=\"column-6\">Individuel<\/td><td class=\"column-7\"><\/td><td class=\"column-8\"><\/td><td class=\"column-9\"><\/td>\n<\/tr>\n<tr class=\"row-5\">\n\t<td class=\"column-1\">2025-10-11<\/td><td class=\"column-2\">TIR BEURSAULT&apos;ROSE<\/td><td class=\"column-3\">LISSES<\/td><td class=\"column-4\">Tir Beursault<\/td><td class=\"column-5\">Loisir Beursault<\/td><td class=\"column-6\">Individuel<\/td><td class=\"column-7\"><a href=\"https:\/\/archers91.fr\/wp-content\/uploads\/2025\/09\/mandat-octobre-rose-2025.png\">Mandat<\/a><\/td><td class=\"column-8\"><\/td><td class=\"column-9\"><\/td>\n<\/tr>\n<tr class=\"row-6\">\n\t<td class=\"column-1\">2025-10-25<\/td><td class=\"column-2\">DRAVEIL S\u00c9NART NATURE SAMEDI<\/td><td class=\"column-3\">DRAVEIL<\/td><td class=\"column-4\">Tir Nature<\/td><td class=\"column-5\">21 CIBLES<\/td><td class=\"column-6\">Individuel<\/td><td class=\"column-7\"><a href=\"https:\/\/archers91.fr\/wp-content\/uploads\/2025\/09\/Mandat-Draveil-Senart-concours-NATURE-Octobre-2025.pdf\" target=\"_blank\">Mandat<\/a><\/td><td class=\"column-8\"><\/td><td class=\"column-9\"><\/td>\n<\/tr>\n<tr class=\"row-7\">\n\t<td class=\"column-1\">2025-10-26<\/td><td class=\"column-2\">DRAVEIL S\u00c9NART NATURE DIMANCHE<\/td><td class=\"column-3\">DRAVEIL<\/td><td class=\"column-4\">Tir Nature<\/td><td class=\"column-5\">21 CIBLES<\/td><td class=\"column-6\">Individuel<\/td><td class=\"column-7\"><a href=\"https:\/\/archers91.fr\/wp-content\/uploads\/2025\/09\/Mandat-Draveil-Senart-concours-NATURE-Octobre-2025.pdf\" target=\"_blank\">Mandat<\/a><\/td><td class=\"column-8\"><\/td><td class=\"column-9\"><\/td>\n<\/tr>\n<tr class=\"row-8\">\n\t<td class=\"column-1\">2025-11-08<\/td><td class=\"column-2\">CONCOURS SALLE TARGET DE MASSY<\/td><td class=\"column-3\">MASSY<\/td><td class=\"column-4\">Tir \u00e0 18m<\/td><td class=\"column-5\">2X18M<\/td><td class=\"column-6\">Individuel<\/td><td class=\"column-7\"><a href=\"https:\/\/archers91.fr\/wp-content\/uploads\/2025\/10\/Mandat-Massy-Tir-18m-Target-2025-1.pdf\" target=\"_blank\">Mandat<\/a><\/td><td class=\"column-8\"><\/td><td class=\"column-9\"><\/td>\n<\/tr>\n<tr class=\"row-9\">\n\t<td class=\"column-1\">2025-11-15<\/td><td class=\"column-2\">CHALLENGE HAWK EYE<\/td><td class=\"column-3\">MORSANG SUR ORGE<\/td><td class=\"column-4\">Tir \u00e0 18m<\/td><td class=\"column-5\">2X18M<\/td><td class=\"column-6\">Uniquement \u00e9quipe<\/td><td class=\"column-7\"><a href=\"https:\/\/archers91.fr\/wp-content\/uploads\/2025\/10\/Mandat-Morsang-Tir-18m-Mixte_2025.pdf\" target=\"_blank\">Mandat<\/a><\/td><td class=\"column-8\"><\/td><td class=\"column-9\"><\/td>\n<\/tr>\n<tr class=\"row-10\">\n\t<td class=\"column-1\">2025-11-16<\/td><td class=\"column-2\">CONCOURS SALLE DE MORSANG SUR ORGE<\/td><td class=\"column-3\">MORSANG SUR ORGE<\/td><td class=\"column-4\">Tir \u00e0 18m<\/td><td class=\"column-5\">2X18M<\/td><td class=\"column-6\">Individuel<\/td><td class=\"column-7\"><a href=\"https:\/\/archers91.fr\/wp-content\/uploads\/2025\/10\/Mandat-Morsang-Tir-18m-Mixte_2025.pdf\" target=\"_blank\">Mandat<\/a><\/td><td class=\"column-8\"><\/td><td class=\"column-9\"><\/td>\n<\/tr>\n<tr class=\"row-11\">\n\t<td class=\"column-1\">2025-11-22<\/td><td class=\"column-2\">CONCOURS MORANGIS 2X18M<\/td><td class=\"column-3\">MORANGIS<\/td><td class=\"column-4\">Tir \u00e0 18m<\/td><td class=\"column-5\">2X18M<\/td><td class=\"column-6\">Individuel<\/td><td class=\"column-7\"><a href=\"https:\/\/archers91.fr\/wp-content\/uploads\/2025\/10\/Mandat-MORANGIS-Tir-18M-22-23-novembre-2025.pdf\" target=\"_blank\">Mandat<\/a><\/td><td class=\"column-8\"><\/td><td class=\"column-9\"><\/td>\n<\/tr>\n<tr class=\"row-12\">\n\t<td class=\"column-1\">2025-11-29<\/td><td class=\"column-2\">TIR EN SALLE 2 X 18 M<\/td><td class=\"column-3\">MONTLHERY<\/td><td class=\"column-4\">Para-tir \u00e0 l&rsquo;arc \u00e0 18m<\/td><td class=\"column-5\"><\/td><td class=\"column-6\">Individuel<br \/>\nValide + Para<\/td><td class=\"column-7\"><a href=\"https:\/\/archers91.fr\/wp-content\/uploads\/2025\/10\/Mandat-Montlhery-salle-Para-Tir-Novembre-2025.pdf\" target=\"_blank\">Mandat para<\/a><\/td><td class=\"column-8\"><\/td><td class=\"column-9\"><\/td>\n<\/tr>\n<tr class=\"row-13\">\n\t<td class=\"column-1\">2025-11-29<\/td><td class=\"column-2\">TIR EN SALLE 2 X 18 M<\/td><td class=\"column-3\">MONTLHERY<\/td><td class=\"column-4\">Tir \u00e0 18m<\/td><td class=\"column-5\">2X18M<\/td><td class=\"column-6\">Individuel<br \/>\nValide + Para<\/td><td class=\"column-7\"><a href=\"https:\/\/archers91.fr\/wp-content\/uploads\/2025\/10\/Mandat-Montlhery-salle-Valides-Novembre-2025.pdf\" target=\"_blank\">Mandat valides<\/a><\/td><td class=\"column-8\"><\/td><td class=\"column-9\"><\/td>\n<\/tr>\n<tr class=\"row-14\">\n\t<td class=\"column-1\">2025-11-29<\/td><td class=\"column-2\">CONCOURS DEBUTANTS 10M<\/td><td class=\"column-3\">ETRECHY<\/td><td class=\"column-4\">Loisirs<\/td><td class=\"column-5\">D\u00e9butants<\/td><td class=\"column-6\">Individuel<\/td><td class=\"column-7\"><a href=\"https:\/\/archers91.fr\/wp-content\/uploads\/2025\/10\/Mandats-rencontres-etrechy-2025.pdf\" target=\"_blank\">Mandat<\/a><\/td><td class=\"column-8\"><\/td><td class=\"column-9\"><\/td>\n<\/tr>\n<tr class=\"row-15\">\n\t<td class=\"column-1\">2025-12-06<\/td><td class=\"column-2\">CONCOURS SALLE 2X18M<\/td><td class=\"column-3\">ORSAY<\/td><td class=\"column-4\">Tir \u00e0 18m<\/td><td class=\"column-5\">2X18M<\/td><td class=\"column-6\">Individuel<\/td><td class=\"column-7\"><a href=\"https:\/\/archers91.fr\/wp-content\/uploads\/2025\/10\/Mandat-salle-2x18m_dec-2025.pdf\" target=\"_blank\">Mandat<\/a><\/td><td class=\"column-8\"><\/td><td class=\"column-9\"><\/td>\n<\/tr>\n<tr class=\"row-16\">\n\t<td class=\"column-1\">2025-12-06<\/td><td class=\"column-2\">CONCOURS DEBUTANTS 10M<\/td><td class=\"column-3\">QUINCY SOUS SENART<\/td><td class=\"column-4\">Loisirs<\/td><td class=\"column-5\">D\u00e9butants<\/td><td class=\"column-6\">Individuel<\/td><td class=\"column-7\"><a href=\"https:\/\/archers91.fr\/wp-content\/uploads\/2025\/10\/Mandats-rencontres-Quincy-2025.pdf\" target=\"_blank\">Mandat<\/a><\/td><td class=\"column-8\"><\/td><td class=\"column-9\"><\/td>\n<\/tr>\n<tr class=\"row-17\">\n\t<td class=\"column-1\">2025-12-13<\/td><td class=\"column-2\">4\u00c8ME TOURNOIS DES AINES<\/td><td class=\"column-3\">LES ULIS<\/td><td class=\"column-4\">Tir \u00e0 18m<\/td><td class=\"column-5\">2X18M<\/td><td class=\"column-6\">Individuel<\/td><td class=\"column-7\"><a href=\"https:\/\/archers91.fr\/wp-content\/uploads\/2025\/09\/Mandat-Les-Ulis-aines-tournoi-2025.pdf\" target=\"_blank\">Mandat<\/a><\/td><td class=\"column-8\"><\/td><td class=\"column-9\"><\/td>\n<\/tr>\n<tr class=\"row-18\">\n\t<td class=\"column-1\">2025-12-13<\/td><td class=\"column-2\">4\u00c8ME TOURNOIS DES AINES + PARA<\/td><td class=\"column-3\">LES ULIS<\/td><td class=\"column-4\">Para-tir \u00e0 l&rsquo;arc \u00e0 18m<\/td><td class=\"column-5\"><\/td><td class=\"column-6\">Individuel<\/td><td class=\"column-7\"><a href=\"https:\/\/archers91.fr\/wp-content\/uploads\/2025\/09\/Mandat-Les-Ulis-Para-2025.pdf\" target=\"_blank\">Mandat<\/a><\/td><td class=\"column-8\"><\/td><td class=\"column-9\"><\/td>\n<\/tr>\n<tr class=\"row-19\">\n\t<td class=\"column-1\">2025-12-13<\/td><td class=\"column-2\">LOISIR-DEBUTANTS 10M<\/td><td class=\"column-3\">ST VRAIN<\/td><td class=\"column-4\">Loisirs<\/td><td class=\"column-5\">D\u00e9butants<\/td><td class=\"column-6\">Individuel<\/td><td class=\"column-7\"><a href=\"https:\/\/archers91.fr\/wp-content\/uploads\/2025\/10\/Mandats-rencontres-Saint-Vrain-2025.pdf\" target=\"_blank\">Mandat<\/a><\/td><td class=\"column-8\"><\/td><td class=\"column-9\"><\/td>\n<\/tr>\n<tr class=\"row-20\">\n\t<td class=\"column-1\">2025-12-14<\/td><td class=\"column-2\">TROPHEE FEMMINA DUO<\/td><td class=\"column-3\">ST VRAIN<\/td><td class=\"column-4\">Loisirs<\/td><td class=\"column-5\">Tir \u00e0 l Arc au F\u00e9minin<\/td><td class=\"column-6\">Individuel<\/td><td class=\"column-7\"><a href=\"https:\/\/archers91.fr\/wp-content\/uploads\/2025\/10\/FeminaDuo-Mandat.pdf\" target=\"_blank\">Mandat<\/a><\/td><td class=\"column-8\"><\/td><td class=\"column-9\"><\/td>\n<\/tr>\n<tr class=\"row-21\">\n\t<td class=\"column-1\">2025-12-19<\/td><td class=\"column-2\">CONCOURS 2 X 18 M INDIVIDUEL<\/td><td class=\"column-3\">ATHIS-MONS<\/td><td class=\"column-4\">Tir \u00e0 18m<\/td><td class=\"column-5\">2X18M<\/td><td class=\"column-6\">Individuel<\/td><td class=\"column-7\"><a href=\"https:\/\/archers91.fr\/wp-content\/uploads\/2025\/11\/Mandat-Athis-Mons-Tir-18m-Les-19-20-et-21-decembre-2025-et-plan-V2.pdf\" target=\"_blank\">Mandat<\/a><\/td><td class=\"column-8\"><\/td><td class=\"column-9\"><\/td>\n<\/tr>\n<tr class=\"row-22\">\n\t<td class=\"column-1\">2025-12-20<\/td><td class=\"column-2\">TROPHEE DES MIXTES 91<\/td><td class=\"column-3\">ATHIS MONS<\/td><td class=\"column-4\">Loisirs<\/td><td class=\"column-5\">Troph\u00e9e des mixtes<\/td><td class=\"column-6\">Uniquement \u00e9quipe<\/td><td class=\"column-7\"><a href=\"https:\/\/archers91.fr\/?page_id=16834\" target=\"_blank\">Inscriptions<\/a><\/td><td class=\"column-8\"><\/td><td class=\"column-9\"><\/td>\n<\/tr>\n<tr class=\"row-23\">\n\t<td class=\"column-1\">2026-01-02<\/td><td class=\"column-2\">SALLE DRAVEIL<\/td><td class=\"column-3\">DRAVEIL<\/td><td class=\"column-4\">Tir \u00e0 18m<\/td><td class=\"column-5\">2X18M<\/td><td class=\"column-6\">Individuel<\/td><td class=\"column-7\"><a href=\"https:\/\/archers91.fr\/wp-content\/uploads\/2025\/11\/Mandat-Draveil-tir-a-18m-janvier-2026.pdf\" target=\"_blank\">Mandat<\/a><br \/>\n<br \/>\n<a href=\"https:\/\/archers91.fr\/wp-content\/uploads\/2025\/11\/MANDAT-SALLE-2026-debutants.pdf\" target=\"_blank\">D\u00e9part d\u00e9butants<\/a><\/td><td class=\"column-8\"><\/td><td class=\"column-9\"><\/td>\n<\/tr>\n<tr class=\"row-24\">\n\t<td class=\"column-1\">2026-01-10<\/td><td class=\"column-2\">CONCOURS SALLE<\/td><td class=\"column-3\">LISSES<\/td><td class=\"column-4\">Tir \u00e0 18m<\/td><td class=\"column-5\">2X18M<\/td><td class=\"column-6\">Individuel<\/td><td class=\"column-7\"><a href=\"https:\/\/archers91.fr\/wp-content\/uploads\/2025\/11\/Mandat-Lisses-Tir-a-18m-2026-.pdf\" target=\"_blank\">Mandat<\/a><\/td><td class=\"column-8\"><\/td><td class=\"column-9\"><\/td>\n<\/tr>\n<tr class=\"row-25\">\n\t<td class=\"column-1\">2026-01-17<\/td><td class=\"column-2\">CONCOURS SALLE 2026<\/td><td class=\"column-3\">SAINTE GENEVI\u00c8VE DES BOIS<\/td><td class=\"column-4\">Para-tir \u00e0 l&rsquo;arc \u00e0 18m<\/td><td class=\"column-5\"><\/td><td class=\"column-6\">Individuel<br \/>\nValide + Para<\/td><td class=\"column-7\"><a href=\"https:\/\/archers91.fr\/wp-content\/uploads\/2025\/10\/Concours-Sainte-Genevieve-Des-Bois-Tir-18m-2026.pdf\" target=\"_blank\">Mandat<\/a><\/td><td class=\"column-8\"><\/td><td class=\"column-9\"><\/td>\n<\/tr>\n<tr class=\"row-26\">\n\t<td class=\"column-1\">2026-01-17<\/td><td class=\"column-2\">CONCOURS SALLE 2026<\/td><td class=\"column-3\">SAINTE GENEVI\u00c8VE DES BOIS<\/td><td class=\"column-4\">Tir \u00e0 18m<\/td><td class=\"column-5\">2X18M<\/td><td class=\"column-6\">Individuel<br \/>\nValide + Para<\/td><td class=\"column-7\"><a href=\"https:\/\/archers91.fr\/wp-content\/uploads\/2025\/10\/Concours-Sainte-Genevieve-Des-Bois-Tir-18m-2026.pdf\" target=\"_blank\">Mandat<\/a><\/td><td class=\"column-8\"><\/td><td class=\"column-9\"><\/td>\n<\/tr>\n<tr class=\"row-27\">\n\t<td class=\"column-1\">2026-01-24<\/td><td class=\"column-2\">CD91 18M JEUNES<\/td><td class=\"column-3\">MENNECY<\/td><td class=\"column-4\">Tir \u00e0 18m<\/td><td class=\"column-5\">2X18M<\/td><td class=\"column-6\">Championnat D\u00e9partemental individuel<\/td><td class=\"column-7\"><a href=\"https:\/\/archers91.fr\/wp-content\/uploads\/2026\/01\/Mandat-CD-salle-jeunes-2026.pdf\" target=\"_blank\">Mandat<\/a><br \/>\n<\/td><td class=\"column-8\"><\/td><td class=\"column-9\"><a href=\"https:\/\/docs.google.com\/spreadsheets\/d\/1y2gj_fHLnHLZpvvT3VA6T4mJbGS57mCGc84fADbl2QI\/edit?usp=sharing\" target=\"_blank\">Listes des inscrits<\/a><br \/>\n<br \/>\n<a href=\"https:\/\/archers91.fr\/wp-content\/uploads\/2026\/01\/planning_quotas_CDjeunes2026.png\" target=\"_blank\">Quotas et planning duels<\/a><br \/>\n<br \/>\n<a href=\"https:\/\/archers91.fr\/wp-content\/uploads\/2026\/01\/CDjeunes_2026_qualifications.pdf\" target=\"_blank\">Qualifications<\/a><br \/>\n<br \/>\n<a href=\"https:\/\/archers91.fr\/wp-content\/uploads\/2026\/01\/CDjeunes_2026_Classement-final-toutes-categories.pdf\" target=\"_blank\">Classement_final_duels<\/a><br \/>\n<br \/>\n<a href=\"https:\/\/archers91.fr\/wp-content\/uploads\/2026\/01\/Cdjeunes_2026_resultat_equipe2.pdf\" target=\"_blank\">Classement_\u00e9quipes<\/a><br \/>\n<br \/>\n<a href=\"https:\/\/archers91.fr\/wp-content\/uploads\/2026\/01\/CDjeunes_2026_matchs.png\" target=\"_blank\">Matchs_Equipes<\/a><\/td>\n<\/tr>\n<tr class=\"row-28\">\n\t<td class=\"column-1\">2026-01-24<\/td><td class=\"column-2\">CD91 18M JEUNES<\/td><td class=\"column-3\">MENNECY<\/td><td class=\"column-4\">Tir \u00e0 18m<\/td><td class=\"column-5\">2X18M<\/td><td class=\"column-6\">Championnat D\u00e9partemental individuel<br \/>\nChampionnat DD par \u00e9quipe<\/td><td class=\"column-7\"><a href=\"https:\/\/archers91.fr\/wp-content\/uploads\/2026\/01\/Mandat-CD-salle-jeunes-2026.pdf\" target=\"_blank\">Mandat<\/a><\/td><td class=\"column-8\"><\/td><td class=\"column-9\"><\/td>\n<\/tr>\n<tr class=\"row-29\">\n\t<td class=\"column-1\">2026-01-24<\/td><td class=\"column-2\">2 X 25 &#8211; 2 X 18<\/td><td class=\"column-3\">EGLY<\/td><td class=\"column-4\">Tir \u00e0 18m<\/td><td class=\"column-5\">2X25M + 2X18M<\/td><td class=\"column-6\">Individuel<\/td><td class=\"column-7\"><a href=\"https:\/\/archers91.fr\/wp-content\/uploads\/2025\/11\/Mandat-Egly-FITA-salle-24-JANVIER-2026-25x2-18x21-1.pdf\" target=\"_blank\">Mandat<\/a><\/td><td class=\"column-8\"><\/td><td class=\"column-9\"><\/td>\n<\/tr>\n<tr class=\"row-30\">\n\t<td class=\"column-1\">2026-01-25<\/td><td class=\"column-2\">2 X 18<\/td><td class=\"column-3\">EGLY<\/td><td class=\"column-4\">Tir \u00e0 18m<\/td><td class=\"column-5\">2X18M<\/td><td class=\"column-6\">Individuel<\/td><td class=\"column-7\"><a href=\"https:\/\/archers91.fr\/wp-content\/uploads\/2025\/11\/Mandat-Egly-Tir-a-18m-25-JANVIER-2026.pdf\" target=\"_blank\">Mandat<\/a><\/td><td class=\"column-8\"><\/td><td class=\"column-9\"><\/td>\n<\/tr>\n<tr class=\"row-31\">\n\t<td class=\"column-1\">2026-01-31<\/td><td class=\"column-2\">CD91 18M ADULTES<\/td><td class=\"column-3\">MORANGIS<\/td><td class=\"column-4\">Tir \u00e0 18m<\/td><td class=\"column-5\">2X18M<\/td><td class=\"column-6\">Championnat D\u00e9partemental individuel<br \/>\nChampionnat DD par \u00e9quipe<\/td><td class=\"column-7\"><a href=\"https:\/\/archers91.fr\/wp-content\/uploads\/2026\/01\/mandat-CD-salle-adultes-morangis-2026.pdf\" target=\"_blank\">Mandat<\/a><\/td><td class=\"column-8\"><a href=\"https:\/\/archers91.fr\/wp-content\/uploads\/2026\/01\/CD-Salle-2026_Liste-des-inscrits_2026.01.27.pdf\">Liste des inscrits<\/a><\/td><td class=\"column-9\"><\/td>\n<\/tr>\n<tr class=\"row-32\">\n\t<td class=\"column-1\">2026-01-31<\/td><td class=\"column-2\">CD91 18M ADULTES<\/td><td class=\"column-3\">MORANGIS<\/td><td class=\"column-4\">Tir \u00e0 18m<\/td><td class=\"column-5\">2X18M<\/td><td class=\"column-6\">Championnat D\u00e9partemental individuel<\/td><td class=\"column-7\"><a href=\"https:\/\/archers91.fr\/wp-content\/uploads\/2026\/01\/mandat-CD-salle-adultes-morangis-2026.pdf\" target=\"_blank\">Mandat<\/a><\/td><td class=\"column-8\"><a href=\"https:\/\/archers91.fr\/wp-content\/uploads\/2026\/01\/CD-Salle-2026_Categories_2026.01.27.pdf\">Cat\u00e9gories<\/a><\/td><td class=\"column-9\"><a href=\"https:\/\/www.ianseo.net\/Details.php?toId=26281\" target=\"_blank\">R\u00e9sultats (ianseo)<\/a><\/td>\n<\/tr>\n<tr class=\"row-33\">\n\t<td class=\"column-1\">2026-01-31<\/td><td class=\"column-2\">CD91 18M PARA<\/td><td class=\"column-3\">MORANGIS<\/td><td class=\"column-4\">Para-tir \u00e0 l&rsquo;arc \u00e0 18m<\/td><td class=\"column-5\"><\/td><td class=\"column-6\">Championnat D\u00e9partemental individuel<\/td><td class=\"column-7\"><a href=\"https:\/\/archers91.fr\/wp-content\/uploads\/2026\/01\/mandat-CD-salle-adultes-Para-morangis-2026.pdf\" target=\"_blank\">Mandat<\/a><\/td><td class=\"column-8\"><\/td><td class=\"column-9\"><\/td>\n<\/tr>\n<tr class=\"row-34\">\n\t<td class=\"column-1\">2026-02-06<\/td><td class=\"column-2\">CONCOURS 2X18M ETAMPES<\/td><td class=\"column-3\">ETAMPES<\/td><td class=\"column-4\">Para-tir \u00e0 l&rsquo;arc \u00e0 18m<\/td><td class=\"column-5\"><\/td><td class=\"column-6\">Individuel<br \/>\nValide + Para<\/td><td class=\"column-7\"><a href=\"https:\/\/archers91.fr\/wp-content\/uploads\/2025\/12\/Mandat-Etampes-fevrier-2026.pdf\" target=\"_blank\">Mandat<\/a><\/td><td class=\"column-8\"><\/td><td class=\"column-9\"><\/td>\n<\/tr>\n<tr class=\"row-35\">\n\t<td class=\"column-1\">2026-02-06<\/td><td class=\"column-2\">CONCOURS 2X18M ETAMPES<\/td><td class=\"column-3\">ETAMPES<\/td><td class=\"column-4\">Tir \u00e0 18m<\/td><td class=\"column-5\">2X18M<\/td><td class=\"column-6\">Individuel<br \/>\nValide + Para<\/td><td class=\"column-7\"><a href=\"https:\/\/archers91.fr\/wp-content\/uploads\/2025\/12\/Mandat-Etampes-fevrier-2026.pdf\" target=\"_blank\">Mandat<\/a><\/td><td class=\"column-8\"><\/td><td class=\"column-9\"><\/td>\n<\/tr>\n<tr class=\"row-36\">\n\t<td class=\"column-1\">2026-02-07<\/td><td class=\"column-2\">LOISIR_CONCOURS DEBUTANTS 15M<\/td><td class=\"column-3\">LA FERTE ALLAIS<\/td><td class=\"column-4\">Loisirs<\/td><td class=\"column-5\">D\u00e9butants<\/td><td class=\"column-6\">Individuel<\/td><td class=\"column-7\"><\/td><td class=\"column-8\"><\/td><td class=\"column-9\"><\/td>\n<\/tr>\n<tr class=\"row-37\">\n\t<td class=\"column-1\">2026-02-14<\/td><td class=\"column-2\">LOISIR-CONCOURS DEBUTANT 15M<\/td><td class=\"column-3\">FORGE LES BAINS<\/td><td class=\"column-4\">Loisirs<\/td><td class=\"column-5\">D\u00e9butants<\/td><td class=\"column-6\">Individuel<\/td><td class=\"column-7\"><\/td><td class=\"column-8\"><\/td><td class=\"column-9\"><\/td>\n<\/tr>\n<tr class=\"row-38\">\n\t<td class=\"column-1\">2026-03-07<\/td><td class=\"column-2\">DRAVEIL S\u00c9NART NATURE SAMEDI<\/td><td class=\"column-3\">DRAVEIL<\/td><td class=\"column-4\">Tir Nature<\/td><td class=\"column-5\">21 CIBLES<\/td><td class=\"column-6\">Individuel<\/td><td class=\"column-7\"><\/td><td class=\"column-8\"><\/td><td class=\"column-9\"><\/td>\n<\/tr>\n<tr class=\"row-39\">\n\t<td class=\"column-1\">2026-03-08<\/td><td class=\"column-2\">DRAVEIL S\u00c9NART NATURE DIMANCHE<\/td><td class=\"column-3\">DRAVEIL<\/td><td class=\"column-4\">Tir Nature<\/td><td class=\"column-5\">21 CIBLES<\/td><td class=\"column-6\">Individuel<\/td><td class=\"column-7\"><a href=\"https:\/\/archers91.fr\/wp-content\/uploads\/2026\/01\/Mandat-Draveil-Nature-Mars-2026.pdf\" target=\"_blank\">Mandat<\/a><\/td><td class=\"column-8\"><\/td><td class=\"column-9\"><\/td>\n<\/tr>\n<tr class=\"row-40\">\n\t<td class=\"column-1\">2026-03-14<\/td><td class=\"column-2\">LOISIR-CONCOURS DEBUTANTS 15M<\/td><td class=\"column-3\">EGLY<\/td><td class=\"column-4\">Loisirs<\/td><td class=\"column-5\">D\u00e9butants<\/td><td class=\"column-6\">Individuel<\/td><td class=\"column-7\"><\/td><td class=\"column-8\"><\/td><td class=\"column-9\"><\/td>\n<\/tr>\n<tr class=\"row-41\">\n\t<td class=\"column-1\">2026-03-15<\/td><td class=\"column-2\">FINALE CHALLENGE INTERCLUB 91<\/td><td class=\"column-3\">EGLY<\/td><td class=\"column-4\">Loisirs<\/td><td class=\"column-5\">Challenge par \u00e9quipe<\/td><td class=\"column-6\">Uniquement \u00e9quipe<\/td><td class=\"column-7\"><a href=\"https:\/\/archers91.fr\/wp-content\/uploads\/2026\/03\/mandat-Finale-Interclubs-91-2026-1.pdf\">Mandat<\/a><\/td><td class=\"column-8\"><\/td><td class=\"column-9\"><\/td>\n<\/tr>\n<tr class=\"row-42\">\n\t<td class=\"column-1\">2026-03-15<\/td><td class=\"column-2\">P&rsquo;tits bouts<\/td><td class=\"column-3\">ETAMPES<\/td><td class=\"column-4\">Tir \u00e0 18m<\/td><td class=\"column-5\">Challenge des P&rsquo;tits bouts<\/td><td class=\"column-6\">Individuel + duels<\/td><td class=\"column-7\"><a href=\"https:\/\/archers91.fr\/wp-content\/uploads\/2026\/02\/MANDAT-PTITS-BOUTS-ETAMPES-15-MARS.pdf\" target=\"_blank\">Mandat<\/a><\/td><td class=\"column-8\"><\/td><td class=\"column-9\"><\/td>\n<\/tr>\n<tr class=\"row-43\">\n\t<td class=\"column-1\">2026-03-28<\/td><td class=\"column-2\">LOISIR_FINALE DEBUTANTS 15M<\/td><td class=\"column-3\">ATHIS MONS<\/td><td class=\"column-4\">Loisirs<\/td><td class=\"column-5\">D\u00e9butants<\/td><td class=\"column-6\">Individuel<\/td><td class=\"column-7\"><\/td><td class=\"column-8\"><\/td><td class=\"column-9\"><\/td>\n<\/tr>\n<\/tbody>\n<\/table>\n<!-- #tablepress-9 from cache --><\/div><\/div>\n\n\n\n<div class=\"wp-block-group alignfull\"><div class=\"wp-block-group__inner-container is-layout-constrained wp-block-group-is-layout-constrained\">\n<p class=\"has-text-align-center has-large-font-size\"><strong>Saison Estivale 2025 <\/strong>:<\/p>\n\n\n\n<figure class=\"wp-block-table alignfull is-style-stripes has-small-font-size\"><table><thead><tr><th class=\"has-text-align-center\" data-align=\"center\"><strong _msttexthash=\"54184\" _msthash=\"367\">Date:<\/strong><\/th><th class=\"has-text-align-center\" data-align=\"center\"><strong>Lieu <\/strong>:<br>(organisateurs  )<\/th><th class=\"has-text-align-center\" data-align=\"center\">D<strong>iscipline <\/strong>:<\/th><th class=\"has-text-align-center\" data-align=\"center\"><strong>Mandat<\/strong><\/th><th class=\"has-text-align-center\" data-align=\"center\"><strong>R\u00e9sultats <\/strong><\/th><\/tr><\/thead><tbody><tr><td class=\"has-text-align-center\" data-align=\"center\">8 mars           <\/td><td class=\"has-text-align-center\" data-align=\"center\">Soisy sur seine               <\/td><td class=\"has-text-align-center\" data-align=\"center\">D\u00e9butants -15m            <\/td><td class=\"has-text-align-center\" data-align=\"center\"><a href=\"https:\/\/archers91.fr\/wp-content\/uploads\/2025\/02\/mandat-debutants-salle2025_soisy.pdf\" data-type=\"attachment\" data-id=\"23277\">Mandat<\/a><\/td><td class=\"has-text-align-center\" data-align=\"center\"><\/td><\/tr><tr><td class=\"has-text-align-center\" data-align=\"center\">&nbsp;8 &amp; 9 mars     <\/td><td class=\"has-text-align-center\" data-align=\"center\">Draveil S\u00e9nart<\/td><td class=\"has-text-align-center\" data-align=\"center\">&nbsp;Nature     <\/td><td class=\"has-text-align-center\" data-align=\"center\"><a href=\"https:\/\/archers91.fr\/wp-content\/uploads\/2025\/01\/Mandat-Draveil-Senart-concours-Nature-mars-2025.pdf\" data-type=\"link\" data-id=\"https:\/\/archers91.fr\/wp-content\/uploads\/2025\/01\/Mandat-Draveil-Senart-concours-Nature-mars-2025.pdf\">Mandat <\/a><\/td><td class=\"has-text-align-center\" data-align=\"center\"><\/td><\/tr><tr><td class=\"has-text-align-center\" data-align=\"center\">22 mars<\/td><td class=\"has-text-align-center\" data-align=\"center\">La Fert\u00e9 Alais<\/td><td class=\"has-text-align-center\" data-align=\"center\">Tir au clout<\/td><td class=\"has-text-align-center\" data-align=\"center\"><a href=\"https:\/\/archers91.fr\/wp-content\/uploads\/2025\/02\/Tir-au-clout-2025-scaled.jpg\" data-type=\"link\" data-id=\"https:\/\/archers91.fr\/wp-content\/uploads\/2025\/02\/Tir-au-clout-2025-scaled.jpg\">mandat<\/a><\/td><td class=\"has-text-align-center\" data-align=\"center\"><\/td><\/tr><tr><td class=\"has-text-align-center\" data-align=\"center\">29 mars               <\/td><td class=\"has-text-align-center\" data-align=\"center\">Athis-Mons <\/td><td class=\"has-text-align-center\" data-align=\"center\">D\u00e9butants     <br>Tir par \u00e9quipes<\/td><td class=\"has-text-align-center\" data-align=\"center\"><a href=\"https:\/\/archers91.fr\/wp-content\/uploads\/2025\/02\/mandat-debutants-salle2025.pptx-1.pdf\" data-type=\"attachment\" data-id=\"23270\">Mandat<\/a><\/td><td class=\"has-text-align-center\" data-align=\"center\"><\/td><\/tr><tr><td class=\"has-text-align-center\" data-align=\"center\">5-6 avril<\/td><td class=\"has-text-align-center\" data-align=\"center\">Sainte Genevi\u00e8ve des Bois<\/td><td class=\"has-text-align-center\" data-align=\"center\">CD beursault<\/td><td class=\"has-text-align-center\" data-align=\"center\"><a href=\"https:\/\/archers91.fr\/wp-content\/uploads\/2025\/02\/CHAMPIONNAT-DEPARTEMENTAL-91-beursault-2025.pdf\" data-type=\"attachment\" data-id=\"23231\">Mandat<\/a><\/td><td class=\"has-text-align-center\" data-align=\"center\"><a href=\"https:\/\/archers91.fr\/wp-content\/uploads\/2025\/04\/jm-inscrip-cht-beursault-avril-2025.pdf\" data-type=\"attachment\" data-id=\"23480\">Inscrits<\/a><br><a href=\"https:\/\/archers91.fr\/wp-content\/uploads\/2025\/04\/Etat_participants_avril-cat_clt.pdf\" data-type=\"attachment\" data-id=\"23479\">Participants<\/a><br><a href=\"https:\/\/archers91.fr\/wp-content\/uploads\/2025\/04\/Resultats-CD-Beursault-2025.pdf\" data-type=\"attachment\" data-id=\"23489\">R\u00e9sultats<\/a><\/td><\/tr><tr><td class=\"has-text-align-center\" data-align=\"center\">6 avril                 <\/td><td class=\"has-text-align-center\" data-align=\"center\">Marcoussis<\/td><td class=\"has-text-align-center\" data-align=\"center\">CD nature      <\/td><td class=\"has-text-align-center\" data-align=\"center\"><a href=\"https:\/\/archers91.fr\/wp-content\/uploads\/2025\/02\/Mandat-Marcoussis-CD91-92-Nature-06-04-2025.pdf\" data-type=\"link\" data-id=\"https:\/\/archers91.fr\/wp-content\/uploads\/2025\/02\/Mandat-Marcoussis-CD91-92-Nature-06-04-2025.pdf\">Mandat<\/a><\/td><td class=\"has-text-align-center\" data-align=\"center\"><a href=\"https:\/\/archers91.fr\/wp-content\/uploads\/2025\/04\/Resultats-CD-Nature-2025.pdf\" data-type=\"attachment\" data-id=\"23490\">R\u00e9sultats<\/a><\/td><\/tr><tr><td class=\"has-text-align-center\" data-align=\"center\">26 avril<\/td><td class=\"has-text-align-center\" data-align=\"center\">Lisses<\/td><td class=\"has-text-align-center\" data-align=\"center\">Beursault &#8211; prix g\u00e9n\u00e9ral<\/td><td class=\"has-text-align-center\" data-align=\"center\"><a href=\"https:\/\/archers91.fr\/wp-content\/uploads\/2025\/03\/Mandat-du-Prix-GA\u00a9nA\u00a9ral-Lisses-Sainte-Genevieve-des-bois-1.pdf\" data-type=\"link\" data-id=\"https:\/\/archers91.fr\/wp-content\/uploads\/2025\/03\/Mandat-du-Prix-GA\u00a9nA\u00a9ral-Lisses-Sainte-Genevieve-des-bois-1.pdf\">Mandat<\/a><\/td><td class=\"has-text-align-center\" data-align=\"center\"><\/td><\/tr><tr><td class=\"has-text-align-center\" data-align=\"center\">27 avril<\/td><td class=\"has-text-align-center\" data-align=\"center\">Draveil-S\u00e9nart<\/td><td class=\"has-text-align-center\" data-align=\"center\">R\u00e9gional nature<\/td><td class=\"has-text-align-center\" data-align=\"center\"><a href=\"https:\/\/archers91.fr\/wp-content\/uploads\/2025\/03\/Mandat-CR-Nature-Draveil-2025_04_27.pdf\" data-type=\"link\" data-id=\"https:\/\/archers91.fr\/wp-content\/uploads\/2025\/03\/Mandat-CR-Nature-Draveil-2025_04_27.pdf\">Mandat<\/a><\/td><td class=\"has-text-align-center\" data-align=\"center\"><\/td><\/tr><tr><td class=\"has-text-align-center\" data-align=\"center\">3 mai<\/td><td class=\"has-text-align-center\" data-align=\"center\">Lisses<\/td><td class=\"has-text-align-center\" data-align=\"center\">Beursault &#8211; prix g\u00e9n\u00e9ral<\/td><td class=\"has-text-align-center\" data-align=\"center\"><a href=\"https:\/\/archers91.fr\/wp-content\/uploads\/2025\/03\/Mandat-du-Prix-GA\u00a9nA\u00a9ral-Lisses-Sainte-Genevieve-des-bois-1.pdf\" data-type=\"link\" data-id=\"https:\/\/archers91.fr\/wp-content\/uploads\/2025\/03\/Mandat-du-Prix-GA\u00a9nA\u00a9ral-Lisses-Sainte-Genevieve-des-bois-1.pdf\">Mandat<\/a><\/td><td class=\"has-text-align-center\" data-align=\"center\"><\/td><\/tr><tr><td class=\"has-text-align-center\" data-align=\"center\">4 mai<\/td><td class=\"has-text-align-center\" data-align=\"center\">Mennecy<\/td><td class=\"has-text-align-center\" data-align=\"center\">CD campagne<\/td><td class=\"has-text-align-center\" data-align=\"center\"><a href=\"https:\/\/archers91.fr\/wp-content\/uploads\/2025\/03\/Mandat-Mennecy-CD-campagne-2025.pdf\" data-type=\"attachment\" data-id=\"23338\">Mandat<\/a><\/td><td class=\"has-text-align-center\" data-align=\"center\"><a href=\"https:\/\/archers91.fr\/wp-content\/uploads\/2025\/05\/Classement-campagne-Mennecy.pdf\" data-type=\"link\" data-id=\"https:\/\/archers91.fr\/wp-content\/uploads\/2025\/05\/Classement-campagne-Mennecy.pdf\">global<\/a><br><a href=\"https:\/\/archers91.fr\/wp-content\/uploads\/2025\/05\/Classement-CD-91-Mennecy.pdf\" data-type=\"attachment\" data-id=\"23548\">CD91<\/a><br><a href=\"https:\/\/archers91.fr\/wp-content\/uploads\/2025\/05\/Classement-CD-92-Mennecy.pdf\" data-type=\"attachment\" data-id=\"23549\">CD92<\/a><br><a href=\"https:\/\/archers91.fr\/wp-content\/uploads\/2025\/05\/Classement-CD-78-Mennecy.pdf\" data-type=\"attachment\" data-id=\"23547\">CD78<\/a><\/td><\/tr><tr><td class=\"has-text-align-center\" data-align=\"center\">8 mai<\/td><td class=\"has-text-align-center\" data-align=\"center\">1ERE CIE D&rsquo;ARC D&rsquo;AULNAY SOUS BOIS<\/td><td class=\"has-text-align-center\" data-align=\"center\">CR beursault<\/td><td class=\"has-text-align-center\" data-align=\"center\"><\/td><td class=\"has-text-align-center\" data-align=\"center\"><\/td><\/tr><tr><td class=\"has-text-align-center\" data-align=\"center\">10 &#8211; 11 mai<\/td><td class=\"has-text-align-center\" data-align=\"center\">Draveil-S\u00e9nart<\/td><td class=\"has-text-align-center\" data-align=\"center\">Campagne<\/td><td class=\"has-text-align-center\" data-align=\"center\"><a href=\"https:\/\/archers91.fr\/wp-content\/uploads\/2025\/03\/Mandat-Draveil-Senart-concours-CAMPAGNE-mai-2025.pdf\" data-type=\"link\" data-id=\"https:\/\/archers91.fr\/wp-content\/uploads\/2025\/03\/Mandat-Draveil-Senart-concours-CAMPAGNE-mai-2025.pdf\">Mandat<\/a><\/td><td class=\"has-text-align-center\" data-align=\"center\"><\/td><\/tr><tr><td class=\"has-text-align-center\" data-align=\"center\">17 mai<\/td><td class=\"has-text-align-center\" data-align=\"center\">Dourdan<\/td><td class=\"has-text-align-center\" data-align=\"center\">TAE DN\/DI + para<\/td><td class=\"has-text-align-center\" data-align=\"center\"><a href=\"https:\/\/archers91.fr\/wp-content\/uploads\/2025\/03\/Mandat-Dourdan-TAE-17mai-2025.pdf\" data-type=\"attachment\" data-id=\"23341\">Mandat<\/a><\/td><td class=\"has-text-align-center\" data-align=\"center\"><\/td><\/tr><tr><td class=\"has-text-align-center\" data-align=\"center\">17 mai<\/td><td class=\"has-text-align-center\" data-align=\"center\">Draveil-S\u00e9nart<\/td><td class=\"has-text-align-center\" data-align=\"center\">Decouverte Parcours<\/td><td class=\"has-text-align-center\" data-align=\"center\"><a href=\"https:\/\/archers91.fr\/wp-content\/uploads\/2025\/03\/mandat_decouverte_parcours_2025.pdf\" data-type=\"link\" data-id=\"https:\/\/archers91.fr\/wp-content\/uploads\/2025\/03\/mandat_decouverte_parcours_2025.pdf\">Mandat<\/a><\/td><td class=\"has-text-align-center\" data-align=\"center\"><\/td><\/tr><tr><td class=\"has-text-align-center\" data-align=\"center\">24 mai<\/td><td class=\"has-text-align-center\" data-align=\"center\">Les Ulis<\/td><td class=\"has-text-align-center\" data-align=\"center\">D\u00e9butants miniTAE + duel<\/td><td class=\"has-text-align-center\" data-align=\"center\"><a href=\"https:\/\/archers91.fr\/wp-content\/uploads\/2025\/03\/Mini-TAE_ULIS_mai2025.pdf\" data-type=\"attachment\" data-id=\"23405\">Mandat<\/a><\/td><td class=\"has-text-align-center\" data-align=\"center\"><a href=\"https:\/\/archers91.fr\/wp-content\/uploads\/2025\/06\/Resultat-TAE-Les-ulis-mai-25.pdf\" data-type=\"attachment\" data-id=\"23638\">R\u00e9sultats les Ulis<\/a><br><a href=\"https:\/\/archers91.fr\/wp-content\/uploads\/2025\/05\/Resultat-MINI-TAE-finaux-apres-duels.pdf\" data-type=\"link\" data-id=\"https:\/\/archers91.fr\/wp-content\/uploads\/2025\/05\/Resultat-MINI-TAE-finaux-apres-duels.pdf\">R\u00e9sultats apr\u00e8s duels<\/a><\/td><\/tr><tr><td class=\"has-text-align-center\" data-align=\"center\">24 mai<\/td><td class=\"has-text-align-center\" data-align=\"center\">Sainte-Genevi\u00e8ve des bois<\/td><td class=\"has-text-align-center\" data-align=\"center\">Beursault &#8211; prix g\u00e9n\u00e9ral<\/td><td class=\"has-text-align-center\" data-align=\"center\"><a href=\"https:\/\/archers91.fr\/wp-content\/uploads\/2025\/03\/Mandat-du-Prix-GA\u00a9nA\u00a9ral-Lisses-Sainte-Genevieve-des-bois-1.pdf\" data-type=\"link\" data-id=\"https:\/\/archers91.fr\/wp-content\/uploads\/2025\/03\/Mandat-du-Prix-GA\u00a9nA\u00a9ral-Lisses-Sainte-Genevieve-des-bois-1.pdf\">Mandat<\/a><\/td><td class=\"has-text-align-center\" data-align=\"center\"><\/td><\/tr><tr><td class=\"has-text-align-center\" data-align=\"center\">25 mai<\/td><td class=\"has-text-align-center\" data-align=\"center\">Les Ulis <\/td><td class=\"has-text-align-center\" data-align=\"center\">TAEdn Sp\u00e9cial Femmes<\/td><td class=\"has-text-align-center\" data-align=\"center\"><a href=\"https:\/\/archers91.fr\/wp-content\/uploads\/2025\/04\/Challenge-femmes-Les-ulis-25-mai-2025.pdf\" data-type=\"attachment\" data-id=\"23503\">Mandat<\/a><\/td><td class=\"has-text-align-center\" data-align=\"center\"><a href=\"https:\/\/archers91.fr\/wp-content\/uploads\/2025\/05\/Resultat-Challenge-Femmes-Handi.pdf\" data-type=\"attachment\" data-id=\"23608\">Resultats Handi<\/a><br><a href=\"https:\/\/archers91.fr\/wp-content\/uploads\/2025\/05\/Resultat-Challenge-Femmes-Debutantes.pdf\" data-type=\"attachment\" data-id=\"23622\">R\u00e9sultats D\u00e9butantes<\/a><br><a href=\"https:\/\/archers91.fr\/wp-content\/uploads\/2025\/05\/Resultats-Challenge-Femmes.pdf\" data-type=\"attachment\" data-id=\"23609\">R\u00e9sultats <\/a><\/td><\/tr><tr><td class=\"has-text-align-center\" data-align=\"center\">25 mai<\/td><td class=\"has-text-align-center\" data-align=\"center\">Mennecy (Hugo Tonnaire)<\/td><td class=\"has-text-align-center\" data-align=\"center\">TAEdi sp\u00e9cial jeunes arc-Classique<\/td><td class=\"has-text-align-center\" data-align=\"center\"><a href=\"https:\/\/archers91.fr\/wp-content\/uploads\/2025\/04\/Mandat-concours-reserve-jeunes-91-1.pdf\">Mandat<\/a><\/td><td class=\"has-text-align-center\" data-align=\"center\"><a href=\"https:\/\/archers91.fr\/wp-content\/uploads\/2025\/05\/Resutats-TAE-Jeunes-Mennecy.pdf\">R\u00e9sultats<\/a><\/td><\/tr><tr><td class=\"has-text-align-center\" data-align=\"center\">29 mai<\/td><td class=\"has-text-align-center\" data-align=\"center\">Draveil-S\u00e9nart<\/td><td class=\"has-text-align-center\" data-align=\"center\">TAEdn + TAEdi<\/td><td class=\"has-text-align-center\" data-align=\"center\"><a href=\"https:\/\/archers91.fr\/wp-content\/uploads\/2025\/04\/Mandat-Draveil-Senart-TAE-DN_DI-29-mai-2025.pdf\" data-type=\"link\" data-id=\"https:\/\/archers91.fr\/wp-content\/uploads\/2025\/04\/Mandat-Draveil-Senart-TAE-DN_DI-29-mai-2025.pdf\">Mandat<\/a><\/td><td class=\"has-text-align-center\" data-align=\"center\"><\/td><\/tr><tr><td class=\"has-text-align-center\" data-align=\"center\">31 mai &#8211; 01 juin<\/td><td class=\"has-text-align-center\" data-align=\"center\">Lisses<\/td><td class=\"has-text-align-center\" data-align=\"center\">Beursault<\/td><td class=\"has-text-align-center\" data-align=\"center\"><a href=\"https:\/\/archers91.fr\/wp-content\/uploads\/2025\/04\/Mandat-LISSES-concours-Beursault-2025.pdf\" data-type=\"link\" data-id=\"https:\/\/archers91.fr\/wp-content\/uploads\/2025\/04\/Mandat-LISSES-concours-Beursault-2025.pdf\">Mandat<\/a><\/td><td class=\"has-text-align-center\" data-align=\"center\"><\/td><\/tr><tr><td class=\"has-text-align-center\" data-align=\"center\">01 juin<\/td><td class=\"has-text-align-center\" data-align=\"center\">BOIS D\u2019ARCY<\/td><td class=\"has-text-align-center\" data-align=\"center\">CD nature par \u00e9quipe<\/td><td class=\"has-text-align-center\" data-align=\"center\"><a href=\"https:\/\/archers91.fr\/wp-content\/uploads\/2025\/02\/Mandat-cd91-nature-equipe.pdf\" data-type=\"link\" data-id=\"https:\/\/archers91.fr\/wp-content\/uploads\/2025\/02\/Mandat-cd91-nature-equipe.pdf\">mandat<\/a><\/td><td class=\"has-text-align-center\" data-align=\"center\"><\/td><\/tr><tr><td class=\"has-text-align-center\" data-align=\"center\">7 et 8 juin<\/td><td class=\"has-text-align-center\" data-align=\"center\">Athis Mons<\/td><td class=\"has-text-align-center\" data-align=\"center\">CD TAE DN<\/td><td class=\"has-text-align-center\" data-align=\"center\"><a href=\"https:\/\/archers91.fr\/wp-content\/uploads\/2025\/04\/Mandat-CD91-TAE-DN-2025-Athis-Mons41.pdf\" data-type=\"attachment\" data-id=\"23529\">Mandat<\/a><br><a href=\"https:\/\/archers91.fr\/wp-content\/uploads\/2025\/04\/Stade-de-Rugby-Robert-Barran-1.docx\" data-type=\"attachment\" data-id=\"23531\">Plan d&rsquo;acc\u00e8s<\/a><\/td><td class=\"has-text-align-center\" data-align=\"center\"><a href=\"https:\/\/archers91.fr\/wp-content\/uploads\/2025\/06\/Participants-TAED-N-au-040625.pdf\" data-type=\"attachment\" data-id=\"23635\">Liste des participants<\/a><br><a href=\"https:\/\/archers91.fr\/wp-content\/uploads\/2025\/06\/Participants-TAED-N-para-au-040625.pdf\" data-type=\"attachment\" data-id=\"23634\">Liste des participants para<\/a><br><a href=\"https:\/\/archers91.fr\/wp-content\/uploads\/2025\/06\/resultats-TAE-DN-ATHIS-MONS.pdf\" data-type=\"attachment\" data-id=\"23640\">R\u00e9sultats <\/a><\/td><\/tr><tr><td class=\"has-text-align-center\" data-align=\"center\">15 juin                 <\/td><td class=\"has-text-align-center\" data-align=\"center\">Morangis<\/td><td class=\"has-text-align-center\" data-align=\"center\">CD TAE DI<\/td><td class=\"has-text-align-center\" data-align=\"center\"><a href=\"https:\/\/archers91.fr\/wp-content\/uploads\/2025\/04\/Mandat-CD91TAE-DI-2025-Morangis.pdf\" data-type=\"link\" data-id=\"https:\/\/archers91.fr\/wp-content\/uploads\/2025\/04\/Mandat-CD91TAE-DI-2025-Morangis.pdf\">Mandat<\/a><\/td><td class=\"has-text-align-center\" data-align=\"center\"><a href=\"https:\/\/archers91.fr\/wp-content\/uploads\/2025\/06\/CDTAEI2025_Liste-par-Club_2025.06.12.pdf\">Liste des participants<\/a><br><a href=\"https:\/\/archers91.fr\/wp-content\/uploads\/2025\/06\/CD-70m-duels2025.xlsx\" data-type=\"attachment\" data-id=\"23655\">Duels<\/a><br><a href=\"https:\/\/archers91.fr\/wp-content\/uploads\/2025\/06\/Resultats-TAE-DI-Morangis.pdf\" data-type=\"attachment\" data-id=\"23689\">R\u00e9sultats<\/a><\/td><\/tr><tr><td class=\"has-text-align-center\" data-align=\"center\">21 juin<\/td><td class=\"has-text-align-center\" data-align=\"center\">Lisses<\/td><td class=\"has-text-align-center\" data-align=\"center\">Beursault<\/td><td class=\"has-text-align-center\" data-align=\"center\"><\/td><td class=\"has-text-align-center\" data-align=\"center\"><\/td><\/tr><tr><td class=\"has-text-align-center\" data-align=\"center\">22 juin <\/td><td class=\"has-text-align-center\" data-align=\"center\">Saulx les chartreux<\/td><td class=\"has-text-align-center\" data-align=\"center\">CD 3D le matin<\/td><td class=\"has-text-align-center\" data-align=\"center\"><a href=\"https:\/\/archers91.fr\/wp-content\/uploads\/2025\/04\/Mandat-3D-22-juin-2025.pdf\" data-type=\"attachment\" data-id=\"23534\">Mandat<\/a><\/td><td class=\"has-text-align-center\" data-align=\"center\"><a href=\"https:\/\/archers91.fr\/wp-content\/uploads\/2025\/06\/Resultat-CD-3D-Saulx.pdf\" data-type=\"attachment\" data-id=\"23692\">Resultats CD <\/a><br><\/td><\/tr><tr><td class=\"has-text-align-center\" data-align=\"center\">22 juin<\/td><td class=\"has-text-align-center\" data-align=\"center\">Saulx les chartreux<\/td><td class=\"has-text-align-center\" data-align=\"center\"> 3D l&rsquo;apr\u00e8s midi<\/td><td class=\"has-text-align-center\" data-align=\"center\"><a href=\"https:\/\/archers91.fr\/wp-content\/uploads\/2025\/04\/Mandat-3D-22-juin-2025.pdf\" data-type=\"attachment\" data-id=\"23534\">Mandat<\/a><\/td><td class=\"has-text-align-center\" data-align=\"center\"><a href=\"https:\/\/archers91.fr\/wp-content\/uploads\/2025\/06\/Resultats-3D-saulx.pdf\" data-type=\"attachment\" data-id=\"23693\">R\u00e9sultats CD<\/a><\/td><\/tr><tr><td class=\"has-text-align-center\" data-align=\"center\">25 juin<\/td><td class=\"has-text-align-center\" data-align=\"center\">Draveil-S\u00e9nart<\/td><td class=\"has-text-align-center\" data-align=\"center\">TAEdi<\/td><td class=\"has-text-align-center\" data-align=\"center\"><a href=\"https:\/\/archers91.fr\/wp-content\/uploads\/2025\/05\/Mandat-Draveil-Se_nart-concours-TAE-DI-Juin-2025.pdf\" data-type=\"link\" data-id=\"https:\/\/archers91.fr\/wp-content\/uploads\/2025\/05\/Mandat-Draveil-Se_nart-concours-TAE-DI-Juin-2025.pdf\">Mandat<\/a><\/td><td class=\"has-text-align-center\" data-align=\"center\"><\/td><\/tr><tr><td class=\"has-text-align-center\" data-align=\"center\">28 &#8211; 29 juin<\/td><td class=\"has-text-align-center\" data-align=\"center\">Draveil-S\u00e9nart<\/td><td class=\"has-text-align-center\" data-align=\"center\">3D<\/td><td class=\"has-text-align-center\" data-align=\"center\"><a href=\"https:\/\/archers91.fr\/wp-content\/uploads\/2025\/04\/Mandat-draveil-Senart-concours-3D-Juin-2025.pdf\" data-type=\"link\" data-id=\"https:\/\/archers91.fr\/wp-content\/uploads\/2025\/04\/Mandat-draveil-Senart-concours-3D-Juin-2025.pdf\">Mandat<\/a><\/td><td class=\"has-text-align-center\" data-align=\"center\"><\/td><\/tr><tr><td class=\"has-text-align-center\" data-align=\"center\">28 &#8211; 29 juin<\/td><td class=\"has-text-align-center\" data-align=\"center\">Orsay<\/td><td class=\"has-text-align-center\" data-align=\"center\">TAEdi<\/td><td class=\"has-text-align-center\" data-align=\"center\"><a href=\"https:\/\/archers91.fr\/wp-content\/uploads\/2025\/05\/Mandat-Orsay-TAE-juin-2025.pdf\" data-type=\"link\" data-id=\"https:\/\/archers91.fr\/wp-content\/uploads\/2025\/05\/Mandat-Orsay-TAE-juin-2025.pdf\">Mandat<\/a><\/td><td class=\"has-text-align-center\" data-align=\"center\"><a href=\"https:\/\/archers91.fr\/wp-content\/uploads\/2025\/07\/Resultats-Orsay-juin-2025.pdf\">R\u00e9sultats<\/a><\/td><\/tr><tr><td class=\"has-text-align-center\" data-align=\"center\">28 &#8211; 29 juin<\/td><td class=\"has-text-align-center\" data-align=\"center\"><\/td><td class=\"has-text-align-center\" data-align=\"center\">CR TAEdi<\/td><td class=\"has-text-align-center\" data-align=\"center\"><\/td><td class=\"has-text-align-center\" data-align=\"center\"><\/td><\/tr><tr><td class=\"has-text-align-center\" data-align=\"center\">5 juillet<\/td><td class=\"has-text-align-center\" data-align=\"center\">Ulis<\/td><td class=\"has-text-align-center\" data-align=\"center\">loisir 6h<\/td><td class=\"has-text-align-center\" data-align=\"center\"><a href=\"https:\/\/archers91.fr\/wp-content\/uploads\/2025\/02\/Mandat-loisir-Les-Ulis-non-stop-2025.pdf\" data-type=\"link\" data-id=\"https:\/\/archers91.fr\/wp-content\/uploads\/2025\/02\/Mandat-loisir-Les-Ulis-non-stop-2025.pdf\">mandat<\/a><\/td><td class=\"has-text-align-center\" data-align=\"center\"><\/td><\/tr><tr><td class=\"has-text-align-center\" data-align=\"center\">27 septembre<\/td><td class=\"has-text-align-center\" data-align=\"center\">Sainte-Genevi\u00e8ve des Bois<\/td><td class=\"has-text-align-center\" data-align=\"center\">Beursault &#8211; prix g\u00e9n\u00e9ral<\/td><td class=\"has-text-align-center\" data-align=\"center\"><a href=\"https:\/\/archers91.fr\/wp-content\/uploads\/2025\/03\/Mandat-du-Prix-GA%C2%A9nA%C2%A9ral-Lisses-Sainte-Genevieve-des-bois-1.pdf\">Mandat<\/a><\/td><td class=\"has-text-align-center\" data-align=\"center\"><\/td><\/tr><tr><td class=\"has-text-align-center\" data-align=\"center\">30 &#8211; 31 ao\u00fbt<\/td><td class=\"has-text-align-center\" data-align=\"center\">Morsang \/ Orge<\/td><td class=\"has-text-align-center\" data-align=\"center\">Beursault<\/td><td class=\"has-text-align-center\" data-align=\"center\"><a href=\"https:\/\/archers91.fr\/wp-content\/uploads\/2025\/08\/2025-MORSANG-MandatBeursault-1.pdf\">Mandat<\/a><\/td><td class=\"has-text-align-center\" data-align=\"center\"><a href=\"https:\/\/archers91.fr\/wp-content\/uploads\/2025\/08\/liste-au-04-08-2025-Morsang.pdf\" data-type=\"attachment\" data-id=\"23759\">Inscrits<\/a><br><a href=\"https:\/\/archers91.fr\/wp-content\/uploads\/2025\/09\/Resultat-Beursault-Morsang-0825.pdf\" data-type=\"attachment\" data-id=\"23763\">R\u00e9sultats<\/a><\/td><\/tr><\/tbody><\/table><\/figure>\n<\/div><\/div>\n\n\n\n<div class=\"wp-block-group\"><div class=\"wp-block-group__inner-container is-layout-constrained wp-block-group-is-layout-constrained\">\n<p class=\"has-text-align-center has-large-font-size\"><strong>Saison hivernale 2025 <\/strong>:<\/p>\n\n\n\n<figure class=\"wp-block-table alignwide is-style-stripes has-small-font-size\" id=\"CD_adultes\"><table><thead><tr><th class=\"has-text-align-center\" data-align=\"center\"><strong _msttexthash=\"54184\" _msthash=\"367\">Date:<\/strong><\/th><th class=\"has-text-align-center\" data-align=\"center\"><strong>Lieu <\/strong>:<br>(organisateurs  )<\/th><th class=\"has-text-align-center\" data-align=\"center\">D<strong>iscipline <\/strong>:<\/th><th class=\"has-text-align-center\" data-align=\"center\"><strong>Mandat<\/strong><\/th><th class=\"has-text-align-center\" data-align=\"center\"><strong>R\u00e9sultats <\/strong><\/th><\/tr><\/thead><tbody><tr><td class=\"has-text-align-center\" data-align=\"center\">25 janv<\/td><td class=\"has-text-align-center\" data-align=\"center\">Egly<\/td><td class=\"has-text-align-center\" data-align=\"center\">2 X 25 m &#8211; 2 X 18 m<\/td><td class=\"has-text-align-center\" data-align=\"center\"><a href=\"https:\/\/archers91.fr\/wp-content\/uploads\/2024\/11\/MANDAT-EGLY-25-18-METRES-JANVIER-2025-.pdf\" data-type=\"attachment\" data-id=\"22985\">mandat<\/a><\/td><td class=\"has-text-align-center\" data-align=\"center\"><a href=\"https:\/\/archers91.fr\/wp-content\/uploads\/2025\/01\/Resultats-FITA-SALLE-EGLY.pdf\">R\u00e9sultat FITA salle<\/a><\/td><\/tr><tr><td class=\"has-text-align-center\" data-align=\"center\">25 &amp; 26 janv<\/td><td class=\"has-text-align-center\" data-align=\"center\"><strong>Morsang <\/strong><br>salle d&rsquo;Athis-Mons<\/td><td class=\"has-text-align-center\" data-align=\"center\"><span style=\"color:#1654f2\" class=\"has-inline-color\">Chpt Dep Jeunes<\/span> <br>2 x 18 m<\/td><td class=\"has-text-align-center\" data-align=\"center\"><a href=\"https:\/\/archers91.fr\/wp-content\/uploads\/2025\/01\/Mandat-CD-salle-jeunes-2025.pdf\">mandat<\/a><\/td><td class=\"has-text-align-center\" data-align=\"center\"><a href=\"https:\/\/archers91.fr\/wp-content\/uploads\/2025\/01\/liste-par-categorie-21-01-2025.pdf\" data-type=\"attachment\" data-id=\"23147\">inscrits<\/a> <a href=\"https:\/\/archers91.fr\/wp-content\/uploads\/2025\/01\/liste-par-club-21-01-2025.pdf\" data-type=\"attachment\" data-id=\"23150\">liste<\/a><br><a href=\"https:\/\/archers91.fr\/wp-content\/uploads\/2025\/01\/classement-CD-jeunes-2025.pdf\" data-type=\"attachment\" data-id=\"23171\"><\/a><a href=\"https:\/\/archers91.fr\/wp-content\/uploads\/2025\/02\/classement-definitif-CD-jeunes-2025.pdf\" data-type=\"attachment\" data-id=\"23222\">R\u00e9sultats apr\u00e8s duels<\/a><\/td><\/tr><tr><td class=\"has-text-align-center\" data-align=\"center\">26 janv<\/td><td class=\"has-text-align-center\" data-align=\"center\">Egly<\/td><td class=\"has-text-align-center\" data-align=\"center\">2 x 18 m<\/td><td class=\"has-text-align-center\" data-align=\"center\"><a href=\"https:\/\/archers91.fr\/wp-content\/uploads\/2024\/11\/MANDAT-EGLY-2-x-18-26-JANVIER-2025-.pdf\" data-type=\"attachment\" data-id=\"22984\">mandat<\/a><\/td><td class=\"has-text-align-center\" data-align=\"center\"><a href=\"https:\/\/archers91.fr\/wp-content\/uploads\/2025\/01\/Resultats-18-m-EGLY.pdf\" data-type=\"attachment\" data-id=\"23168\">Resultats 18 m<\/a><br><\/td><\/tr><tr><td class=\"has-text-align-center\" data-align=\"center\">1er &amp; 2 fev<\/td><td class=\"has-text-align-center\" data-align=\"center\"><strong>Morangis<\/strong><\/td><td class=\"has-text-align-center\" data-align=\"center\"><span style=\"color:#1e57e9\" class=\"has-inline-color\">Chpt Dep&nbsp; <\/span><span style=\"color:#1351e2\" class=\"has-inline-color\">Adultes<\/span> <br> 2x18m<\/td><td class=\"has-text-align-center\" data-align=\"center\"><a href=\"https:\/\/archers91.fr\/wp-content\/uploads\/2024\/12\/mandat-CD-salle-adultes-morangis20252.pdf\">mandat<\/a><\/td><td class=\"has-text-align-center\" data-align=\"center\"><a href=\"https:\/\/archers91.fr\/wp-content\/uploads\/2025\/02\/Resultats-CD-salle-2025.pdf\" data-type=\"attachment\" data-id=\"23214\">R\u00e9sultats<\/a><br><a href=\"https:\/\/archers91.fr\/wp-content\/uploads\/2025\/02\/Equipes-Podiums-cd-2025.pdf\" data-type=\"attachment\" data-id=\"23219\">Resultats \u00e9quipes<br><\/a><a href=\"https:\/\/archers91.fr\/wp-content\/uploads\/2025\/01\/Tableau-duels-CD-salle-adulte-2025.pdf\" data-type=\"attachment\" data-id=\"23184\">Tableau des Duels<\/a><\/td><\/tr><tr><td class=\"has-text-align-center\" data-align=\"center\"><\/td><td class=\"has-text-align-center\" data-align=\"center\"><\/td><td class=\"has-text-align-center\" data-align=\"center\"><\/td><td class=\"has-text-align-center\" data-align=\"center\"><a href=\"https:\/\/archers91.fr\/wp-content\/uploads\/2025\/01\/mandat-CD-salle-adultes-ParaTAA-morangis-2025.pdf\" data-type=\"attachment\" data-id=\"23076\">mandat para TAA<\/a><\/td><td class=\"has-text-align-center\" data-align=\"center\"><a href=\"https:\/\/archers91.fr\/wp-content\/uploads\/2025\/01\/Participants-CD-Para-tir-a-larc-2025.pdf\" data-type=\"attachment\" data-id=\"23173\">inscrits<\/a><\/td><\/tr><tr><td class=\"has-text-align-center\" data-align=\"center\">7, 8 &amp; 9 fev<\/td><td class=\"has-text-align-center\" data-align=\"center\">Etampes<\/td><td class=\"has-text-align-center\" data-align=\"center\">2 x 18 m<\/td><td class=\"has-text-align-center\" data-align=\"center\"><a href=\"https:\/\/archers91.fr\/wp-content\/uploads\/2024\/12\/MANDAT-ETAMPES-2025-2X18m.pdf\" data-type=\"attachment\" data-id=\"23047\">Mandat<\/a><\/td><td class=\"has-text-align-center\" data-align=\"center\"><\/td><\/tr><tr><td class=\"has-text-align-center\" data-align=\"center\">8 fev<\/td><td class=\"has-text-align-center\" data-align=\"center\">Egly<\/td><td class=\"has-text-align-center\" data-align=\"center\">D\u00e9butants -15m<\/td><td class=\"has-text-align-center\" data-align=\"center\"><a href=\"https:\/\/archers91.fr\/wp-content\/uploads\/2024\/11\/MANDAT-EGLY-debutant-FEVRIER-2025.pdf\" data-type=\"attachment\" data-id=\"22973\">Mandat<\/a><\/td><td class=\"has-text-align-center\" data-align=\"center\"><a href=\"https:\/\/archers91.fr\/wp-content\/uploads\/2025\/02\/classement_qualificatif-Egly.pdf\" data-type=\"attachment\" data-id=\"23235\">R\u00e9sultats<\/a><br><a href=\"https:\/\/archers91.fr\/wp-content\/uploads\/2025\/02\/ETAT_resultat_equipe2-Egly.pdf\" data-type=\"attachment\" data-id=\"23234\">R\u00e9sultat equipes<\/a><\/td><\/tr><tr><td class=\"has-text-align-center\" data-align=\"center\"><\/td><td class=\"has-text-align-center\" data-align=\"center\"><\/td><td class=\"has-text-align-center\" data-align=\"center\"><\/td><td class=\"has-text-align-center\" data-align=\"center\"><\/td><td class=\"has-text-align-center\" data-align=\"center\"><\/td><\/tr><tr><td class=\"has-text-align-center\" data-align=\"center\">8 &amp; 9 fev<\/td><td class=\"has-text-align-center\" data-align=\"center\"><\/td><td class=\"has-text-align-center\" data-align=\"center\"><em>CR salle Jeunes<\/em><\/td><td class=\"has-text-align-center\" data-align=\"center\"><\/td><td class=\"has-text-align-center\" data-align=\"center\"><\/td><\/tr><tr><td class=\"has-text-align-center\" data-align=\"center\">15 &amp; 16 fev<\/td><td class=\"has-text-align-center\" data-align=\"center\"><\/td><td class=\"has-text-align-center\" data-align=\"center\"><em>CR salle Adultes<\/em><\/td><td class=\"has-text-align-center\" data-align=\"center\"><\/td><td class=\"has-text-align-center\" data-align=\"center\"><\/td><\/tr><\/tbody><\/table><\/figure>\n<\/div><\/div>\n","protected":false},"excerpt":{"rendered":"<p>Test d&rsquo;un calendrier partag\u00e9 Saison estivale 2026 Saison hivernale 2026 Saison Estivale 2025 : Date: Lieu :(organisateurs ) Discipline : Mandat R\u00e9sultats 8 mars Soisy sur seine D\u00e9butants -15m Mandat &nbsp;8 &amp; 9 mars Draveil S\u00e9nart &nbsp;Nature Mandat 22 mars La Fert\u00e9 Alais Tir au clout mandat 29 mars Athis-Mons D\u00e9butants Tir par \u00e9quipes Mandat [&hellip;]<\/p>\n","protected":false},"author":1,"featured_media":0,"parent":0,"menu_order":1,"comment_status":"closed","ping_status":"closed","template":"","meta":{"footnotes":""},"class_list":["post-2281","page","type-page","status-publish","hentry"],"_links":{"self":[{"href":"https:\/\/archers91.fr\/index.php?rest_route=\/wp\/v2\/pages\/2281","targetHints":{"allow":["GET"]}}],"collection":[{"href":"https:\/\/archers91.fr\/index.php?rest_route=\/wp\/v2\/pages"}],"about":[{"href":"https:\/\/archers91.fr\/index.php?rest_route=\/wp\/v2\/types\/page"}],"author":[{"embeddable":true,"href":"https:\/\/archers91.fr\/index.php?rest_route=\/wp\/v2\/users\/1"}],"replies":[{"embeddable":true,"href":"https:\/\/archers91.fr\/index.php?rest_route=%2Fwp%2Fv2%2Fcomments&post=2281"}],"version-history":[{"count":427,"href":"https:\/\/archers91.fr\/index.php?rest_route=\/wp\/v2\/pages\/2281\/revisions"}],"predecessor-version":[{"id":24469,"href":"https:\/\/archers91.fr\/index.php?rest_route=\/wp\/v2\/pages\/2281\/revisions\/24469"}],"wp:attachment":[{"href":"https:\/\/archers91.fr\/index.php?rest_route=%2Fwp%2Fv2%2Fmedia&parent=2281"}],"curies":[{"name":"wp","href":"https:\/\/api.w.org\/{rel}","templated":true}]}}